{"id":145,"date":"2023-12-28T23:39:21","date_gmt":"2023-12-29T02:39:21","guid":{"rendered":"https:\/\/mariaimaculada.com.br\/\/?page_id=145"},"modified":"2024-08-09T09:47:44","modified_gmt":"2024-08-09T12:47:44","slug":"maria-imaculada","status":"publish","type":"page","link":"https:\/\/mariaimaculada.com.br\/index.php\/maria-imaculada\/","title":{"rendered":"Maria Imaculada"},"content":{"rendered":"\t\t<div data-elementor-type=\"wp-page\" data-elementor-id=\"145\" class=\"elementor elementor-145\" data-elementor-post-type=\"page\">\n\t\t\t\t<div class=\"elementor-element elementor-element-e30f9b8 e-con-full e-flex e-con e-parent\" data-id=\"e30f9b8\" data-element_type=\"container\" data-e-type=\"container\" data-settings=\"{&quot;background_background&quot;:&quot;classic&quot;}\">\n\t\t<div class=\"elementor-element elementor-element-cc80b2d e-flex e-con-boxed e-con e-child\" data-id=\"cc80b2d\" data-element_type=\"container\" data-e-type=\"container\">\n\t\t\t\t\t<div class=\"e-con-inner\">\n\t\t<div class=\"elementor-element elementor-element-4e64619 e-con-full e-flex e-con e-child\" data-id=\"4e64619\" data-element_type=\"container\" data-e-type=\"container\">\n\t\t\t\t<div class=\"elementor-element elementor-element-4ce89a9 elementor-widget elementor-widget-heading\" data-id=\"4ce89a9\" data-element_type=\"widget\" data-e-type=\"widget\" data-widget_type=\"heading.default\">\n\t\t\t\t<div class=\"elementor-widget-container\">\n\t\t\t\t\t<h1 class=\"elementor-heading-title elementor-size-default\">Maria Imaculada<\/h1>\t\t\t\t<\/div>\n\t\t\t\t<\/div>\n\t\t\t\t<\/div>\n\t\t<div class=\"elementor-element elementor-element-e8bbdfe e-con-full e-flex e-con e-child\" data-id=\"e8bbdfe\" data-element_type=\"container\" data-e-type=\"container\">\n\t\t<div class=\"elementor-element elementor-element-a96a9e0 e-con-full e-flex e-con e-child\" data-id=\"a96a9e0\" data-element_type=\"container\" data-e-type=\"container\">\n\t\t\t\t<div class=\"elementor-element elementor-element-7aaa9a7 elementor-widget elementor-widget-heading\" data-id=\"7aaa9a7\" data-element_type=\"widget\" data-e-type=\"widget\" data-widget_type=\"heading.default\">\n\t\t\t\t<div class=\"elementor-widget-container\">\n\t\t\t\t\t<span class=\"elementor-heading-title elementor-size-default\"><a href=\"https:\/\/mariaimaculada.com.br\/\">Home<\/a><\/span>\t\t\t\t<\/div>\n\t\t\t\t<\/div>\n\t\t\t\t<div class=\"elementor-element elementor-element-9b15609 elementor-widget elementor-widget-heading\" data-id=\"9b15609\" data-element_type=\"widget\" data-e-type=\"widget\" data-widget_type=\"heading.default\">\n\t\t\t\t<div class=\"elementor-widget-container\">\n\t\t\t\t\t<span class=\"elementor-heading-title elementor-size-default\"><a href=\"#\">O Col\u00e9gio<\/a><\/span>\t\t\t\t<\/div>\n\t\t\t\t<\/div>\n\t\t\t\t<div class=\"elementor-element elementor-element-092657d elementor-widget elementor-widget-heading\" data-id=\"092657d\" data-element_type=\"widget\" data-e-type=\"widget\" data-widget_type=\"heading.default\">\n\t\t\t\t<div class=\"elementor-widget-container\">\n\t\t\t\t\t<span class=\"elementor-heading-title elementor-size-default\"><a href=\"https:\/\/mariaimaculada.com.br\/index.php\/maria-imaculada\/\">Maria Imaculada<\/a><\/span>\t\t\t\t<\/div>\n\t\t\t\t<\/div>\n\t\t\t\t<\/div>\n\t\t\t\t<\/div>\n\t\t\t\t\t<\/div>\n\t\t\t\t<\/div>\n\t\t\t\t<\/div>\n\t\t<div class=\"elementor-element elementor-element-7e29cf5 e-flex e-con-boxed e-con e-parent\" data-id=\"7e29cf5\" data-element_type=\"container\" data-e-type=\"container\">\n\t\t\t\t\t<div class=\"e-con-inner\">\n\t\t\t\t<div class=\"elementor-element elementor-element-26d78e3 elementor-widget elementor-widget-spacer\" data-id=\"26d78e3\" data-element_type=\"widget\" data-e-type=\"widget\" data-widget_type=\"spacer.default\">\n\t\t\t\t<div class=\"elementor-widget-container\">\n\t\t\t\t\t\t\t<div class=\"elementor-spacer\">\n\t\t\t<div class=\"elementor-spacer-inner\"><\/div>\n\t\t<\/div>\n\t\t\t\t\t\t<\/div>\n\t\t\t\t<\/div>\n\t\t\t\t\t<\/div>\n\t\t\t\t<\/div>\n\t\t<div class=\"elementor-element elementor-element-b2f653d e-flex e-con-boxed e-con e-parent\" data-id=\"b2f653d\" data-element_type=\"container\" data-e-type=\"container\">\n\t\t\t\t\t<div class=\"e-con-inner\">\n\t\t\t\t<div class=\"elementor-element elementor-element-d537248 elementor-widget elementor-widget-heading\" data-id=\"d537248\" data-element_type=\"widget\" data-e-type=\"widget\" data-widget_type=\"heading.default\">\n\t\t\t\t<div class=\"elementor-widget-container\">\n\t\t\t\t\t<h2 class=\"elementor-heading-title elementor-size-small\">Olhamos para o passado com rever\u00eancia, pelo legado a preservar, e para o futuro com esperan\u00e7a e determina\u00e7\u00e3o.<\/h2>\t\t\t\t<\/div>\n\t\t\t\t<\/div>\n\t\t\t\t<div class=\"elementor-element elementor-element-06f3a2c elementor-widget elementor-widget-image\" data-id=\"06f3a2c\" data-element_type=\"widget\" data-e-type=\"widget\" data-widget_type=\"image.default\">\n\t\t\t\t<div class=\"elementor-widget-container\">\n\t\t\t\t\t\t\t\t\t\t\t\t\t\t\t<img decoding=\"async\" width=\"300\" height=\"9\" src=\"https:\/\/mariaimaculada.com.br\/wp-content\/uploads\/2024\/04\/risco-1-300x9.png\" class=\"attachment-medium size-medium wp-image-2134\" alt=\"\" srcset=\"https:\/\/mariaimaculada.com.br\/wp-content\/uploads\/2024\/04\/risco-1-300x9.png 300w, https:\/\/mariaimaculada.com.br\/wp-content\/uploads\/2024\/04\/risco-1.png 588w\" sizes=\"(max-width: 300px) 100vw, 300px\" \/>\t\t\t\t\t\t\t\t\t\t\t\t\t\t\t<\/div>\n\t\t\t\t<\/div>\n\t\t\t\t\t<\/div>\n\t\t\t\t<\/div>\n\t\t<div class=\"elementor-element elementor-element-cf7ee79 e-flex e-con-boxed e-con e-parent\" data-id=\"cf7ee79\" data-element_type=\"container\" data-e-type=\"container\">\n\t\t\t\t\t<div class=\"e-con-inner\">\n\t\t\t\t<div class=\"elementor-element elementor-element-e80eb79 elementor-widget elementor-widget-video\" data-id=\"e80eb79\" data-element_type=\"widget\" data-e-type=\"widget\" data-settings=\"{&quot;video_type&quot;:&quot;hosted&quot;,&quot;controls&quot;:&quot;yes&quot;}\" data-widget_type=\"video.default\">\n\t\t\t\t<div class=\"elementor-widget-container\">\n\t\t\t\t\t\t\t<div class=\"e-hosted-video elementor-wrapper elementor-open-inline\">\n\t\t\t\t\t<video class=\"elementor-video\" src=\"https:\/\/mariaimaculada.com.br\/wp-content\/uploads\/2024\/06\/Video-Tour-CMI-Ensino-Medio.mp4\" controls=\"\" preload=\"metadata\" controlsList=\"nodownload\" poster=\"https:\/\/mariaimaculada.com.br\/wp-content\/uploads\/2024\/06\/postervideoabertura.png\"><\/video>\n\t\t\t\t<\/div>\n\t\t\t\t\t\t<\/div>\n\t\t\t\t<\/div>\n\t\t\t\t\t<\/div>\n\t\t\t\t<\/div>\n\t\t<div class=\"elementor-element elementor-element-5773499 e-flex e-con-boxed e-con e-parent\" data-id=\"5773499\" data-element_type=\"container\" data-e-type=\"container\">\n\t\t\t\t\t<div class=\"e-con-inner\">\n\t\t<div class=\"elementor-element elementor-element-1a443d9 e-flex e-con-boxed e-con e-child\" data-id=\"1a443d9\" data-element_type=\"container\" data-e-type=\"container\" data-settings=\"{&quot;background_background&quot;:&quot;classic&quot;}\">\n\t\t\t\t\t<div class=\"e-con-inner\">\n\t\t\t\t<div class=\"elementor-element elementor-element-4d6cc20 elementor-widget elementor-widget-heading\" data-id=\"4d6cc20\" data-element_type=\"widget\" data-e-type=\"widget\" data-widget_type=\"heading.default\">\n\t\t\t\t<div class=\"elementor-widget-container\">\n\t\t\t\t\t<h3 class=\"elementor-heading-title elementor-size-default\">Quem Somos<\/h3>\t\t\t\t<\/div>\n\t\t\t\t<\/div>\n\t\t\t\t<div class=\"elementor-element elementor-element-e3365b6 elementor-widget elementor-widget-heading\" data-id=\"e3365b6\" data-element_type=\"widget\" data-e-type=\"widget\" data-widget_type=\"heading.default\">\n\t\t\t\t<div class=\"elementor-widget-container\">\n\t\t\t\t\t<p class=\"elementor-heading-title elementor-size-default\"><span style=\"font-size: 18px\">O Col\u00e9gio Maria Imaculada foi fundado em 1965, representando a concretiza\u00e7\u00e3o de um projeto de servi\u00e7o \u00e0 causa da educa\u00e7\u00e3o. Tornou-se uma refer\u00eancia Franciscana em educa\u00e7\u00e3o - pelos saberes constru\u00eddos, pelas compet\u00eancias partilhadas e pela solidariedade vivida.<\/span><\/p>\t\t\t\t<\/div>\n\t\t\t\t<\/div>\n\t\t\t\t\t<\/div>\n\t\t\t\t<\/div>\n\t\t\t\t\t<\/div>\n\t\t\t\t<\/div>\n\t\t<div class=\"elementor-element elementor-element-0268b29 e-con-full e-flex e-con e-parent\" data-id=\"0268b29\" data-element_type=\"container\" data-e-type=\"container\">\n\t\t<div class=\"elementor-element elementor-element-262ffac e-con-full e-flex e-con e-child\" data-id=\"262ffac\" data-element_type=\"container\" data-e-type=\"container\">\n\t\t<div class=\"elementor-element elementor-element-0f776b2 e-flex e-con-boxed e-con e-child\" data-id=\"0f776b2\" data-element_type=\"container\" data-e-type=\"container\" data-settings=\"{&quot;background_background&quot;:&quot;classic&quot;}\">\n\t\t\t\t\t<div class=\"e-con-inner\">\n\t\t\t\t<div class=\"elementor-element elementor-element-3ec06fe elementor-widget elementor-widget-heading\" data-id=\"3ec06fe\" data-element_type=\"widget\" data-e-type=\"widget\" data-widget_type=\"heading.default\">\n\t\t\t\t<div class=\"elementor-widget-container\">\n\t\t\t\t\t<h3 class=\"elementor-heading-title elementor-size-default\">Miss\u00e3o<\/h3>\t\t\t\t<\/div>\n\t\t\t\t<\/div>\n\t\t\t\t<div class=\"elementor-element elementor-element-bccb571 elementor-widget elementor-widget-heading\" data-id=\"bccb571\" data-element_type=\"widget\" data-e-type=\"widget\" data-widget_type=\"heading.default\">\n\t\t\t\t<div class=\"elementor-widget-container\">\n\t\t\t\t\t<span class=\"elementor-heading-title elementor-size-default\">Promover a constru\u00e7\u00e3o do conhecimento atrav\u00e9s do desenvolvimento de habilidades e compet\u00eancias. Mediar a forma\u00e7\u00e3o de atitudes e valores, bem como o preparo para o exerc\u00edcio consciente da cidadania, seguindo os princ\u00edpios crist\u00e3os e franciscanos.<\/span>\t\t\t\t<\/div>\n\t\t\t\t<\/div>\n\t\t\t\t\t<\/div>\n\t\t\t\t<\/div>\n\t\t\t\t<\/div>\n\t\t<div class=\"elementor-element elementor-element-5d6484f e-con-full e-flex e-con e-child\" data-id=\"5d6484f\" data-element_type=\"container\" data-e-type=\"container\">\n\t\t<div class=\"elementor-element elementor-element-ba2dbe4 e-flex e-con-boxed e-con e-child\" data-id=\"ba2dbe4\" data-element_type=\"container\" data-e-type=\"container\" data-settings=\"{&quot;background_background&quot;:&quot;classic&quot;}\">\n\t\t\t\t\t<div class=\"e-con-inner\">\n\t\t\t\t<div class=\"elementor-element elementor-element-3385677 elementor-widget elementor-widget-heading\" data-id=\"3385677\" data-element_type=\"widget\" data-e-type=\"widget\" data-widget_type=\"heading.default\">\n\t\t\t\t<div class=\"elementor-widget-container\">\n\t\t\t\t\t<h3 class=\"elementor-heading-title elementor-size-default\">Valores<\/h3>\t\t\t\t<\/div>\n\t\t\t\t<\/div>\n\t\t\t\t<div class=\"elementor-element elementor-element-357e3f7 elementor-widget elementor-widget-heading\" data-id=\"357e3f7\" data-element_type=\"widget\" data-e-type=\"widget\" data-widget_type=\"heading.default\">\n\t\t\t\t<div class=\"elementor-widget-container\">\n\t\t\t\t\t<span class=\"elementor-heading-title elementor-size-default\">\u00c9tica. Solidariedade. Acolhida. Cuidado com a vida. Criatividade. Trabalho em equipe. Proatividade. <\/span>\t\t\t\t<\/div>\n\t\t\t\t<\/div>\n\t\t\t\t\t<\/div>\n\t\t\t\t<\/div>\n\t\t\t\t<\/div>\n\t\t\t\t<\/div>\n\t\t<div class=\"elementor-element elementor-element-8a0fecb e-flex e-con-boxed e-con e-parent\" data-id=\"8a0fecb\" data-element_type=\"container\" data-e-type=\"container\">\n\t\t\t\t\t<div class=\"e-con-inner\">\n\t\t<div class=\"elementor-element elementor-element-e23b2ea e-flex e-con-boxed e-con e-child\" data-id=\"e23b2ea\" data-element_type=\"container\" data-e-type=\"container\" data-settings=\"{&quot;background_background&quot;:&quot;classic&quot;}\">\n\t\t\t\t\t<div class=\"e-con-inner\">\n\t\t\t\t<div class=\"elementor-element elementor-element-e628907 elementor-widget elementor-widget-heading\" data-id=\"e628907\" data-element_type=\"widget\" data-e-type=\"widget\" data-widget_type=\"heading.default\">\n\t\t\t\t<div class=\"elementor-widget-container\">\n\t\t\t\t\t<h3 class=\"elementor-heading-title elementor-size-default\">Proposta Pedag\u00f3gica<\/h3>\t\t\t\t<\/div>\n\t\t\t\t<\/div>\n\t\t\t\t<div class=\"elementor-element elementor-element-06c59c0 elementor-widget elementor-widget-heading\" data-id=\"06c59c0\" data-element_type=\"widget\" data-e-type=\"widget\" data-widget_type=\"heading.default\">\n\t\t\t\t<div class=\"elementor-widget-container\">\n\t\t\t\t\t<span class=\"elementor-heading-title elementor-size-default\">A proposta pedag\u00f3gica do Col\u00e9gio Maria Imaculada preza pelo olhar humano e fraternal. Baseia-se no acolhimento, na escuta e \u00e9 amplamente inspirada na pedagogia franciscana. \nA concep\u00e7\u00e3o filos\u00f3fica e educacional prioriza a qualidade das rela\u00e7\u00f5es e experi\u00eancias,  enfatizando os valores de respeito, solidariedade e justi\u00e7a. O processo educacional \u00e9 fundamentado na forma\u00e7\u00e3o integral do estudante e no desenvolvimento de habilidades e compet\u00eancias. Em conson\u00e2ncia com a Base Nacional Curricular Comum (BNCC), as aprendizagens s\u00e3o definidas como essenciais, priorizando conceitos, procedimentos, pr\u00e1ticas cognitivas e socioemocionais.<\/span>\t\t\t\t<\/div>\n\t\t\t\t<\/div>\n\t\t\t\t\t<\/div>\n\t\t\t\t<\/div>\n\t\t\t\t\t<\/div>\n\t\t\t\t<\/div>\n\t\t<div class=\"elementor-element elementor-element-7752594 e-con-full e-flex e-con e-parent\" data-id=\"7752594\" data-element_type=\"container\" data-e-type=\"container\" data-settings=\"{&quot;background_background&quot;:&quot;classic&quot;}\">\n\t\t<div class=\"elementor-element elementor-element-16c314e e-flex e-con-boxed e-con e-child\" data-id=\"16c314e\" data-element_type=\"container\" data-e-type=\"container\">\n\t\t\t\t\t<div class=\"e-con-inner\">\n\t\t<div class=\"elementor-element elementor-element-faf771f e-con-full e-flex e-con e-child\" data-id=\"faf771f\" data-element_type=\"container\" data-e-type=\"container\">\n\t\t\t\t<div class=\"elementor-element elementor-element-c00978f elementor-widget elementor-widget-heading\" data-id=\"c00978f\" data-element_type=\"widget\" data-e-type=\"widget\" data-widget_type=\"heading.default\">\n\t\t\t\t<div class=\"elementor-widget-container\">\n\t\t\t\t\t<h3 class=\"elementor-heading-title elementor-size-default\">Nossa Estrutura<\/h3>\t\t\t\t<\/div>\n\t\t\t\t<\/div>\n\t\t\t\t<div class=\"elementor-element elementor-element-c696821 elementor-widget elementor-widget-heading\" data-id=\"c696821\" data-element_type=\"widget\" data-e-type=\"widget\" data-widget_type=\"heading.default\">\n\t\t\t\t<div class=\"elementor-widget-container\">\n\t\t\t\t\t<p class=\"elementor-heading-title elementor-size-default\">Estamos localizados na Av. Padre Cacique, 1028 - em frente ao est\u00e1dio Beira-Rio. <br>\nO Col\u00e9gio possui uma estrutura de 19.000m\u00b2, com vasta \u00e1rea verde e estacionamento interno \u2013 o que permite o embarque e desembarque com seguran\u00e7a.\nSua estrutura f\u00edsica compreende 10 edifica\u00e7\u00f5es, com 24 amplas salas de aula, bem iluminadas, todas com instala\u00e7\u00f5es de multim\u00eddia conectadas \u00e0 internet. <br>\nO Maria Imaculada ainda conta com uma capela, um laborat\u00f3rio integrado, laborat\u00f3rios m\u00f3veis compostos por tablets, biblioteca, sala de confer\u00eancias, sala maker, espa\u00e7o MediaLab, sala multiuso, gin\u00e1sio esportivo e duas quadras esportivas abertas.<br><br>Uma estrutura pensada em cada detalhe para proporcionar a todos os estudantes uma experi\u00eancia de aprendizagem \u00fanica, que os acompanhar\u00e1 por toda vida.<\/p>\t\t\t\t<\/div>\n\t\t\t\t<\/div>\n\t\t\t\t<\/div>\n\t\t<div class=\"elementor-element elementor-element-fe79f88 e-flex e-con-boxed e-con e-child\" data-id=\"fe79f88\" data-element_type=\"container\" data-e-type=\"container\">\n\t\t\t\t\t<div class=\"e-con-inner\">\n\t\t\t\t<div class=\"elementor-element elementor-element-71a7243 elementor-arrows-position-outside elementor-widget elementor-widget-image-carousel\" data-id=\"71a7243\" data-element_type=\"widget\" data-e-type=\"widget\" data-settings=\"{&quot;slides_to_show&quot;:&quot;1&quot;,&quot;navigation&quot;:&quot;arrows&quot;,&quot;autoplay&quot;:&quot;yes&quot;,&quot;pause_on_hover&quot;:&quot;yes&quot;,&quot;pause_on_interaction&quot;:&quot;yes&quot;,&quot;autoplay_speed&quot;:5000,&quot;infinite&quot;:&quot;yes&quot;,&quot;effect&quot;:&quot;slide&quot;,&quot;speed&quot;:500}\" data-widget_type=\"image-carousel.default\">\n\t\t\t\t<div class=\"elementor-widget-container\">\n\t\t\t\t\t\t\t<div class=\"elementor-image-carousel-wrapper swiper\" role=\"region\" aria-roledescription=\"carousel\" aria-label=\"Carrossel de imagens\" dir=\"ltr\">\n\t\t\t<div class=\"elementor-image-carousel swiper-wrapper\" aria-live=\"off\">\n\t\t\t\t\t\t\t\t<div class=\"swiper-slide\" role=\"group\" aria-roledescription=\"slide\" aria-label=\"1 de 7\"><figure class=\"swiper-slide-inner\"><img decoding=\"async\" class=\"swiper-slide-image\" src=\"https:\/\/mariaimaculada.com.br\/wp-content\/uploads\/2024\/06\/banner7.jpg\" alt=\"Laborat\u00f3rio de Ci\u00eancias\" \/><\/figure><\/div><div class=\"swiper-slide\" role=\"group\" aria-roledescription=\"slide\" aria-label=\"2 de 7\"><figure class=\"swiper-slide-inner\"><img decoding=\"async\" class=\"swiper-slide-image\" src=\"https:\/\/mariaimaculada.com.br\/wp-content\/uploads\/2024\/06\/banner6.jpg\" alt=\"Arm\u00e1rios dos alunos\" \/><\/figure><\/div><div class=\"swiper-slide\" role=\"group\" aria-roledescription=\"slide\" aria-label=\"3 de 7\"><figure class=\"swiper-slide-inner\"><img decoding=\"async\" class=\"swiper-slide-image\" src=\"https:\/\/mariaimaculada.com.br\/wp-content\/uploads\/2024\/06\/banner5.jpg\" alt=\"Espa\u00e7o Ed. Infantil\" \/><\/figure><\/div><div class=\"swiper-slide\" role=\"group\" aria-roledescription=\"slide\" aria-label=\"4 de 7\"><figure class=\"swiper-slide-inner\"><img decoding=\"async\" class=\"swiper-slide-image\" src=\"https:\/\/mariaimaculada.com.br\/wp-content\/uploads\/2024\/06\/banner4.jpg\" alt=\"Mapa central do col\u00e9gio\" \/><\/figure><\/div><div class=\"swiper-slide\" role=\"group\" aria-roledescription=\"slide\" aria-label=\"5 de 7\"><figure class=\"swiper-slide-inner\"><img decoding=\"async\" class=\"swiper-slide-image\" src=\"https:\/\/mariaimaculada.com.br\/wp-content\/uploads\/2024\/06\/banner3.jpg\" alt=\"Sala de m\u00fasica\" \/><\/figure><\/div><div class=\"swiper-slide\" role=\"group\" aria-roledescription=\"slide\" aria-label=\"6 de 7\"><figure class=\"swiper-slide-inner\"><img decoding=\"async\" class=\"swiper-slide-image\" src=\"https:\/\/mariaimaculada.com.br\/wp-content\/uploads\/2024\/06\/banner2.jpg\" alt=\"Espa\u00e7o Tecnologia 01\" \/><\/figure><\/div><div class=\"swiper-slide\" role=\"group\" aria-roledescription=\"slide\" aria-label=\"7 de 7\"><figure class=\"swiper-slide-inner\"><img decoding=\"async\" class=\"swiper-slide-image\" src=\"https:\/\/mariaimaculada.com.br\/wp-content\/uploads\/2024\/06\/banner1.jpg\" alt=\"Acesso 1 do col\u00e9gio\" \/><\/figure><\/div>\t\t\t<\/div>\n\t\t\t\t\t\t\t\t\t\t\t\t<div class=\"elementor-swiper-button elementor-swiper-button-prev\" role=\"button\" tabindex=\"0\">\n\t\t\t\t\t\t<svg aria-hidden=\"true\" class=\"e-font-icon-svg e-eicon-chevron-left\" viewBox=\"0 0 1000 1000\" xmlns=\"http:\/\/www.w3.org\/2000\/svg\"><path d=\"M646 125C629 125 613 133 604 142L308 442C296 454 292 471 292 487 292 504 296 521 308 533L604 854C617 867 629 875 646 875 663 875 679 871 692 858 704 846 713 829 713 812 713 796 708 779 692 767L438 487 692 225C700 217 708 204 708 187 708 171 704 154 692 142 675 129 663 125 646 125Z\"><\/path><\/svg>\t\t\t\t\t<\/div>\n\t\t\t\t\t<div class=\"elementor-swiper-button elementor-swiper-button-next\" role=\"button\" tabindex=\"0\">\n\t\t\t\t\t\t<svg aria-hidden=\"true\" class=\"e-font-icon-svg e-eicon-chevron-right\" viewBox=\"0 0 1000 1000\" xmlns=\"http:\/\/www.w3.org\/2000\/svg\"><path d=\"M696 533C708 521 713 504 713 487 713 471 708 454 696 446L400 146C388 133 375 125 354 125 338 125 325 129 313 142 300 154 292 171 292 187 292 204 296 221 308 233L563 492 304 771C292 783 288 800 288 817 288 833 296 850 308 863 321 871 338 875 354 875 371 875 388 867 400 854L696 533Z\"><\/path><\/svg>\t\t\t\t\t<\/div>\n\t\t\t\t\n\t\t\t\t\t\t\t\t\t<\/div>\n\t\t\t\t\t\t<\/div>\n\t\t\t\t<\/div>\n\t\t\t\t\t<\/div>\n\t\t\t\t<\/div>\n\t\t\t\t\t<\/div>\n\t\t\t\t<\/div>\n\t\t\t\t<\/div>\n\t\t<div class=\"elementor-element elementor-element-edb74c9 e-flex e-con-boxed e-con e-parent\" data-id=\"edb74c9\" data-element_type=\"container\" data-e-type=\"container\">\n\t\t\t\t\t<div class=\"e-con-inner\">\n\t\t\t\t<div class=\"elementor-element elementor-element-4bde9b6 elementor-align-center elementor-mobile-align-justify elementor-widget elementor-widget-button\" data-id=\"4bde9b6\" data-element_type=\"widget\" data-e-type=\"widget\" data-widget_type=\"button.default\">\n\t\t\t\t<div class=\"elementor-widget-container\">\n\t\t\t\t\t\t\t\t\t<div class=\"elementor-button-wrapper\">\n\t\t\t\t\t<a class=\"elementor-button elementor-button-link elementor-size-lg\" href=\"https:\/\/mariaimaculada.com.br\/index.php\/contato\/\">\n\t\t\t\t\t\t<span class=\"elementor-button-content-wrapper\">\n\t\t\t\t\t\t\t\t\t<span class=\"elementor-button-text\">FALE CONOSCO<\/span>\n\t\t\t\t\t<\/span>\n\t\t\t\t\t<\/a>\n\t\t\t\t<\/div>\n\t\t\t\t\t\t\t\t<\/div>\n\t\t\t\t<\/div>\n\t\t\t\t\t<\/div>\n\t\t\t\t<\/div>\n\t\t\t\t<\/div>\n\t\t","protected":false},"excerpt":{"rendered":"<p>Maria Imaculada Home O Col\u00e9gio Maria Imaculada Olhamos para o passado com rever\u00eancia, pelo legado a preservar, e para o futuro com esperan\u00e7a e determina\u00e7\u00e3o. https:\/\/mariaimaculada.com.br\/wp-content\/uploads\/2024\/06\/Video-Tour-CMI-Ensino-Medio.mp4 Quem Somos O Col\u00e9gio&#8230;  <a class=\"excerpt-read-more\" href=\"https:\/\/mariaimaculada.com.br\/index.php\/maria-imaculada\/\" title=\"Read Maria Imaculada\">Leia mais &raquo;<\/a><\/p>\n","protected":false},"author":1,"featured_media":0,"parent":0,"menu_order":0,"comment_status":"closed","ping_status":"closed","template":"","meta":{"_acf_changed":false,"_price":"","_stock":"","_tribe_ticket_header":"","_tribe_default_ticket_provider":"","_ticket_start_date":"","_ticket_end_date":"","_tribe_ticket_show_description":"","_tribe_ticket_show_not_going":false,"_tribe_ticket_use_global_stock":"","_tribe_ticket_global_stock_level":"","_global_stock_mode":"","_global_stock_cap":"","_tribe_rsvp_for_event":"","_tribe_ticket_going_count":"","_tribe_ticket_not_going_count":"","_tribe_tickets_list":"[]","_tribe_ticket_has_attendee_info_fields":false,"footnotes":"","_tec_slr_enabled":"","_tec_slr_layout":""},"class_list":["post-145","page","type-page","status-publish","hentry"],"acf":[],"yoast_head":"<!-- This site is optimized with the Yoast SEO plugin v27.0 - https:\/\/yoast.com\/product\/yoast-seo-wordpress\/ -->\n<title>Maria Imaculada - Col\u00e9gio Maria Imaculada<\/title>\n<meta name=\"robots\" content=\"index, follow, max-snippet:-1, max-image-preview:large, max-video-preview:-1\" \/>\n<link rel=\"canonical\" href=\"https:\/\/mariaimaculada.com.br\/index.php\/maria-imaculada\/\" \/>\n<meta property=\"og:locale\" content=\"pt_BR\" \/>\n<meta property=\"og:type\" content=\"article\" \/>\n<meta property=\"og:title\" content=\"Maria Imaculada - Col\u00e9gio Maria Imaculada\" \/>\n<meta property=\"og:description\" content=\"Maria Imaculada Home O Col\u00e9gio Maria Imaculada Olhamos para o passado com rever\u00eancia, pelo legado a preservar, e para o futuro com esperan\u00e7a e determina\u00e7\u00e3o. https:\/\/mariaimaculada.com.br\/wp-content\/uploads\/2024\/06\/Video-Tour-CMI-Ensino-Medio.mp4 Quem Somos O Col\u00e9gio... Leia mais &raquo;\" \/>\n<meta property=\"og:url\" content=\"https:\/\/mariaimaculada.com.br\/index.php\/maria-imaculada\/\" \/>\n<meta property=\"og:site_name\" content=\"Col\u00e9gio Maria Imaculada\" \/>\n<meta property=\"article:modified_time\" content=\"2024-08-09T12:47:44+00:00\" \/>\n<meta property=\"og:image\" content=\"https:\/\/mariaimaculada.com.br\/wp-content\/uploads\/2024\/04\/risco-1.png\" \/>\n\t<meta property=\"og:image:width\" content=\"588\" \/>\n\t<meta property=\"og:image:height\" content=\"18\" \/>\n\t<meta property=\"og:image:type\" content=\"image\/png\" \/>\n<meta name=\"twitter:card\" content=\"summary_large_image\" \/>\n<meta name=\"twitter:label1\" content=\"Est. tempo de leitura\" \/>\n\t<meta name=\"twitter:data1\" content=\"2 minutos\" \/>\n<script type=\"application\/ld+json\" class=\"yoast-schema-graph\">{\"@context\":\"https:\/\/schema.org\",\"@graph\":[{\"@type\":\"WebPage\",\"@id\":\"https:\/\/mariaimaculada.com.br\/index.php\/maria-imaculada\/\",\"url\":\"https:\/\/mariaimaculada.com.br\/index.php\/maria-imaculada\/\",\"name\":\"Maria Imaculada - Col\u00e9gio Maria Imaculada\",\"isPartOf\":{\"@id\":\"https:\/\/mariaimaculada.com.br\/#website\"},\"primaryImageOfPage\":{\"@id\":\"https:\/\/mariaimaculada.com.br\/index.php\/maria-imaculada\/#primaryimage\"},\"image\":{\"@id\":\"https:\/\/mariaimaculada.com.br\/index.php\/maria-imaculada\/#primaryimage\"},\"thumbnailUrl\":\"https:\/\/mariaimaculada.com.br\/wp-content\/uploads\/2024\/04\/risco-1-300x9.png\",\"datePublished\":\"2023-12-29T02:39:21+00:00\",\"dateModified\":\"2024-08-09T12:47:44+00:00\",\"breadcrumb\":{\"@id\":\"https:\/\/mariaimaculada.com.br\/index.php\/maria-imaculada\/#breadcrumb\"},\"inLanguage\":\"pt-BR\",\"potentialAction\":[{\"@type\":\"ReadAction\",\"target\":[\"https:\/\/mariaimaculada.com.br\/index.php\/maria-imaculada\/\"]}]},{\"@type\":\"ImageObject\",\"inLanguage\":\"pt-BR\",\"@id\":\"https:\/\/mariaimaculada.com.br\/index.php\/maria-imaculada\/#primaryimage\",\"url\":\"https:\/\/mariaimaculada.com.br\/wp-content\/uploads\/2024\/04\/risco-1.png\",\"contentUrl\":\"https:\/\/mariaimaculada.com.br\/wp-content\/uploads\/2024\/04\/risco-1.png\",\"width\":588,\"height\":18},{\"@type\":\"BreadcrumbList\",\"@id\":\"https:\/\/mariaimaculada.com.br\/index.php\/maria-imaculada\/#breadcrumb\",\"itemListElement\":[{\"@type\":\"ListItem\",\"position\":1,\"name\":\"In\u00edcio\",\"item\":\"https:\/\/mariaimaculada.com.br\/\"},{\"@type\":\"ListItem\",\"position\":2,\"name\":\"Maria Imaculada\"}]},{\"@type\":\"WebSite\",\"@id\":\"https:\/\/mariaimaculada.com.br\/#website\",\"url\":\"https:\/\/mariaimaculada.com.br\/\",\"name\":\"Col\u00e9gio Maria Imaculada\",\"description\":\"Col\u00e9gio da Rede Franciscana Bernardina, localizado em Porto Alegre-RS na Avenida Padre Cacique 1028. O Col\u00e9gio atende desde a Educa\u00e7\u00e3o Infantil at\u00e9 o Ensino M\u00e9dio.\",\"publisher\":{\"@id\":\"https:\/\/mariaimaculada.com.br\/#organization\"},\"potentialAction\":[{\"@type\":\"SearchAction\",\"target\":{\"@type\":\"EntryPoint\",\"urlTemplate\":\"https:\/\/mariaimaculada.com.br\/?s={search_term_string}\"},\"query-input\":{\"@type\":\"PropertyValueSpecification\",\"valueRequired\":true,\"valueName\":\"search_term_string\"}}],\"inLanguage\":\"pt-BR\"},{\"@type\":\"Organization\",\"@id\":\"https:\/\/mariaimaculada.com.br\/#organization\",\"name\":\"Col\u00e9gio Maria Imaculada\",\"url\":\"https:\/\/mariaimaculada.com.br\/\",\"logo\":{\"@type\":\"ImageObject\",\"inLanguage\":\"pt-BR\",\"@id\":\"https:\/\/mariaimaculada.com.br\/#\/schema\/logo\/image\/\",\"url\":\"https:\/\/mariaimaculada.com.br\/wp-content\/uploads\/2023\/12\/maria-imaculada.png\",\"contentUrl\":\"https:\/\/mariaimaculada.com.br\/wp-content\/uploads\/2023\/12\/maria-imaculada.png\",\"width\":338,\"height\":84,\"caption\":\"Col\u00e9gio Maria Imaculada\"},\"image\":{\"@id\":\"https:\/\/mariaimaculada.com.br\/#\/schema\/logo\/image\/\"}}]}<\/script>\n<!-- \/ Yoast SEO plugin. -->","yoast_head_json":{"title":"Maria Imaculada - Col\u00e9gio Maria Imaculada","robots":{"index":"index","follow":"follow","max-snippet":"max-snippet:-1","max-image-preview":"max-image-preview:large","max-video-preview":"max-video-preview:-1"},"canonical":"https:\/\/mariaimaculada.com.br\/index.php\/maria-imaculada\/","og_locale":"pt_BR","og_type":"article","og_title":"Maria Imaculada - Col\u00e9gio Maria Imaculada","og_description":"Maria Imaculada Home O Col\u00e9gio Maria Imaculada Olhamos para o passado com rever\u00eancia, pelo legado a preservar, e para o futuro com esperan\u00e7a e determina\u00e7\u00e3o. https:\/\/mariaimaculada.com.br\/wp-content\/uploads\/2024\/06\/Video-Tour-CMI-Ensino-Medio.mp4 Quem Somos O Col\u00e9gio... Leia mais &raquo;","og_url":"https:\/\/mariaimaculada.com.br\/index.php\/maria-imaculada\/","og_site_name":"Col\u00e9gio Maria Imaculada","article_modified_time":"2024-08-09T12:47:44+00:00","og_image":[{"width":588,"height":18,"url":"https:\/\/mariaimaculada.com.br\/wp-content\/uploads\/2024\/04\/risco-1.png","type":"image\/png"}],"twitter_card":"summary_large_image","twitter_misc":{"Est. tempo de leitura":"2 minutos"},"schema":{"@context":"https:\/\/schema.org","@graph":[{"@type":"WebPage","@id":"https:\/\/mariaimaculada.com.br\/index.php\/maria-imaculada\/","url":"https:\/\/mariaimaculada.com.br\/index.php\/maria-imaculada\/","name":"Maria Imaculada - Col\u00e9gio Maria Imaculada","isPartOf":{"@id":"https:\/\/mariaimaculada.com.br\/#website"},"primaryImageOfPage":{"@id":"https:\/\/mariaimaculada.com.br\/index.php\/maria-imaculada\/#primaryimage"},"image":{"@id":"https:\/\/mariaimaculada.com.br\/index.php\/maria-imaculada\/#primaryimage"},"thumbnailUrl":"https:\/\/mariaimaculada.com.br\/wp-content\/uploads\/2024\/04\/risco-1-300x9.png","datePublished":"2023-12-29T02:39:21+00:00","dateModified":"2024-08-09T12:47:44+00:00","breadcrumb":{"@id":"https:\/\/mariaimaculada.com.br\/index.php\/maria-imaculada\/#breadcrumb"},"inLanguage":"pt-BR","potentialAction":[{"@type":"ReadAction","target":["https:\/\/mariaimaculada.com.br\/index.php\/maria-imaculada\/"]}]},{"@type":"ImageObject","inLanguage":"pt-BR","@id":"https:\/\/mariaimaculada.com.br\/index.php\/maria-imaculada\/#primaryimage","url":"https:\/\/mariaimaculada.com.br\/wp-content\/uploads\/2024\/04\/risco-1.png","contentUrl":"https:\/\/mariaimaculada.com.br\/wp-content\/uploads\/2024\/04\/risco-1.png","width":588,"height":18},{"@type":"BreadcrumbList","@id":"https:\/\/mariaimaculada.com.br\/index.php\/maria-imaculada\/#breadcrumb","itemListElement":[{"@type":"ListItem","position":1,"name":"In\u00edcio","item":"https:\/\/mariaimaculada.com.br\/"},{"@type":"ListItem","position":2,"name":"Maria Imaculada"}]},{"@type":"WebSite","@id":"https:\/\/mariaimaculada.com.br\/#website","url":"https:\/\/mariaimaculada.com.br\/","name":"Col\u00e9gio Maria Imaculada","description":"Col\u00e9gio da Rede Franciscana Bernardina, localizado em Porto Alegre-RS na Avenida Padre Cacique 1028. O Col\u00e9gio atende desde a Educa\u00e7\u00e3o Infantil at\u00e9 o Ensino M\u00e9dio.","publisher":{"@id":"https:\/\/mariaimaculada.com.br\/#organization"},"potentialAction":[{"@type":"SearchAction","target":{"@type":"EntryPoint","urlTemplate":"https:\/\/mariaimaculada.com.br\/?s={search_term_string}"},"query-input":{"@type":"PropertyValueSpecification","valueRequired":true,"valueName":"search_term_string"}}],"inLanguage":"pt-BR"},{"@type":"Organization","@id":"https:\/\/mariaimaculada.com.br\/#organization","name":"Col\u00e9gio Maria Imaculada","url":"https:\/\/mariaimaculada.com.br\/","logo":{"@type":"ImageObject","inLanguage":"pt-BR","@id":"https:\/\/mariaimaculada.com.br\/#\/schema\/logo\/image\/","url":"https:\/\/mariaimaculada.com.br\/wp-content\/uploads\/2023\/12\/maria-imaculada.png","contentUrl":"https:\/\/mariaimaculada.com.br\/wp-content\/uploads\/2023\/12\/maria-imaculada.png","width":338,"height":84,"caption":"Col\u00e9gio Maria Imaculada"},"image":{"@id":"https:\/\/mariaimaculada.com.br\/#\/schema\/logo\/image\/"}}]}},"ticketed":false,"_links":{"self":[{"href":"https:\/\/mariaimaculada.com.br\/index.php\/wp-json\/wp\/v2\/pages\/145","targetHints":{"allow":["GET"]}}],"collection":[{"href":"https:\/\/mariaimaculada.com.br\/index.php\/wp-json\/wp\/v2\/pages"}],"about":[{"href":"https:\/\/mariaimaculada.com.br\/index.php\/wp-json\/wp\/v2\/types\/page"}],"author":[{"embeddable":true,"href":"https:\/\/mariaimaculada.com.br\/index.php\/wp-json\/wp\/v2\/users\/1"}],"replies":[{"embeddable":true,"href":"https:\/\/mariaimaculada.com.br\/index.php\/wp-json\/wp\/v2\/comments?post=145"}],"version-history":[{"count":0,"href":"https:\/\/mariaimaculada.com.br\/index.php\/wp-json\/wp\/v2\/pages\/145\/revisions"}],"wp:attachment":[{"href":"https:\/\/mariaimaculada.com.br\/index.php\/wp-json\/wp\/v2\/media?parent=145"}],"curies":[{"name":"wp","href":"https:\/\/api.w.org\/{rel}","templated":true}]}}