{"id":1544,"date":"2024-04-04T16:33:51","date_gmt":"2024-04-04T19:33:51","guid":{"rendered":"https:\/\/mariaimaculada.com.br\/?page_id=1544"},"modified":"2024-08-12T08:11:30","modified_gmt":"2024-08-12T11:11:30","slug":"avaliacoes-externas","status":"publish","type":"page","link":"https:\/\/mariaimaculada.com.br\/index.php\/avaliacoes-externas\/","title":{"rendered":"Avalia\u00e7\u00f5es Externas"},"content":{"rendered":"\t\t<div data-elementor-type=\"wp-page\" data-elementor-id=\"1544\" class=\"elementor elementor-1544\" data-elementor-post-type=\"page\">\n\t\t\t\t<div class=\"elementor-element elementor-element-e30f9b8 e-con-full e-flex e-con e-parent\" data-id=\"e30f9b8\" data-element_type=\"container\" data-e-type=\"container\" data-settings=\"{&quot;background_background&quot;:&quot;classic&quot;}\">\n\t\t<div class=\"elementor-element elementor-element-cc80b2d e-flex e-con-boxed e-con e-child\" data-id=\"cc80b2d\" data-element_type=\"container\" data-e-type=\"container\">\n\t\t\t\t\t<div class=\"e-con-inner\">\n\t\t<div class=\"elementor-element elementor-element-4e64619 e-con-full e-flex e-con e-child\" data-id=\"4e64619\" data-element_type=\"container\" data-e-type=\"container\">\n\t\t\t\t<div class=\"elementor-element elementor-element-4ce89a9 elementor-widget elementor-widget-heading\" data-id=\"4ce89a9\" data-element_type=\"widget\" data-e-type=\"widget\" data-widget_type=\"heading.default\">\n\t\t\t\t<div class=\"elementor-widget-container\">\n\t\t\t\t\t<h1 class=\"elementor-heading-title elementor-size-default\">Avalia\u00e7\u00f5es Externas<\/h1>\t\t\t\t<\/div>\n\t\t\t\t<\/div>\n\t\t\t\t<\/div>\n\t\t<div class=\"elementor-element elementor-element-e8bbdfe e-con-full e-flex e-con e-child\" data-id=\"e8bbdfe\" data-element_type=\"container\" data-e-type=\"container\">\n\t\t<div class=\"elementor-element elementor-element-a96a9e0 e-con-full e-flex e-con e-child\" data-id=\"a96a9e0\" data-element_type=\"container\" data-e-type=\"container\">\n\t\t\t\t<div class=\"elementor-element elementor-element-7aaa9a7 elementor-widget elementor-widget-heading\" data-id=\"7aaa9a7\" data-element_type=\"widget\" data-e-type=\"widget\" data-widget_type=\"heading.default\">\n\t\t\t\t<div class=\"elementor-widget-container\">\n\t\t\t\t\t<span class=\"elementor-heading-title elementor-size-default\">Home<\/span>\t\t\t\t<\/div>\n\t\t\t\t<\/div>\n\t\t\t\t<div class=\"elementor-element elementor-element-9b15609 elementor-widget elementor-widget-heading\" data-id=\"9b15609\" data-element_type=\"widget\" data-e-type=\"widget\" data-widget_type=\"heading.default\">\n\t\t\t\t<div class=\"elementor-widget-container\">\n\t\t\t\t\t<span class=\"elementor-heading-title elementor-size-default\">O Col\u00e9gio<\/span>\t\t\t\t<\/div>\n\t\t\t\t<\/div>\n\t\t\t\t<div class=\"elementor-element elementor-element-092657d elementor-widget elementor-widget-heading\" data-id=\"092657d\" data-element_type=\"widget\" data-e-type=\"widget\" data-widget_type=\"heading.default\">\n\t\t\t\t<div class=\"elementor-widget-container\">\n\t\t\t\t\t<span class=\"elementor-heading-title elementor-size-default\">Avalia\u00e7\u00f5es Externas<\/span>\t\t\t\t<\/div>\n\t\t\t\t<\/div>\n\t\t\t\t<\/div>\n\t\t\t\t<\/div>\n\t\t\t\t\t<\/div>\n\t\t\t\t<\/div>\n\t\t\t\t<\/div>\n\t\t<div class=\"elementor-element elementor-element-370d7e23 e-flex e-con-boxed e-con e-child\" data-id=\"370d7e23\" data-element_type=\"container\" data-e-type=\"container\" data-settings=\"{&quot;background_background&quot;:&quot;classic&quot;}\">\n\t\t\t\t\t<div class=\"e-con-inner\">\n\t\t\t\t<div class=\"elementor-element elementor-element-f4ba50a elementor-widget elementor-widget-heading\" data-id=\"f4ba50a\" data-element_type=\"widget\" data-e-type=\"widget\" data-widget_type=\"heading.default\">\n\t\t\t\t<div class=\"elementor-widget-container\">\n\t\t\t\t\t<h2 class=\"elementor-heading-title elementor-size-default\">Cultura avaliativa em parceria com o Projeto UNOi - Plataforma Santillana Avalia\u00e7\u00f5es<\/h2>\t\t\t\t<\/div>\n\t\t\t\t<\/div>\n\t\t\t\t<div class=\"elementor-element elementor-element-17909692 elementor-widget elementor-widget-heading\" data-id=\"17909692\" data-element_type=\"widget\" data-e-type=\"widget\" data-widget_type=\"heading.default\">\n\t\t\t\t<div class=\"elementor-widget-container\">\n\t\t\t\t\t<p class=\"elementor-heading-title elementor-size-default\"><span style=\"font-size: 18px\">UNOI Oferece \u00e0s escolas parceiras uma s\u00e9rie de avalia\u00e7\u00f5es que colaboram no diagn\u00f3stico de diferentes situa\u00e7\u00f5es e subsidiam as a\u00e7\u00f5es pensadas para atingir novos objetivos ao longo do ano letivo. S\u00e3o recursos e instrumentos de avalia\u00e7\u00e3o e autoavalia\u00e7\u00e3o que orientam a aprendizagem e fomentam a corresponsabiliza\u00e7\u00e3o do estudante.<\/span><\/p>\t\t\t\t<\/div>\n\t\t\t\t<\/div>\n\t\t\t\t\t<\/div>\n\t\t\t\t<\/div>\n\t\t<div class=\"elementor-element elementor-element-05a47c2 e-flex e-con-boxed e-con e-parent\" data-id=\"05a47c2\" data-element_type=\"container\" data-e-type=\"container\">\n\t\t\t\t\t<div class=\"e-con-inner\">\n\t\t\t\t<div class=\"elementor-element elementor-element-871f698 elementor-widget elementor-widget-heading\" data-id=\"871f698\" data-element_type=\"widget\" data-e-type=\"widget\" data-widget_type=\"heading.default\">\n\t\t\t\t<div class=\"elementor-widget-container\">\n\t\t\t\t\t<h2 class=\"elementor-heading-title elementor-size-default\">ENTENDER, CONSCIENTIZAR E PREPARAR: AVALIAR \u00c9 MAIS DO QUE DAR NOTAS<\/h2>\t\t\t\t<\/div>\n\t\t\t\t<\/div>\n\t\t\t\t<div class=\"elementor-element elementor-element-d264ea1 elementor-widget elementor-widget-heading\" data-id=\"d264ea1\" data-element_type=\"widget\" data-e-type=\"widget\" data-widget_type=\"heading.default\">\n\t\t\t\t<div class=\"elementor-widget-container\">\n\t\t\t\t\t<h2 class=\"elementor-heading-title elementor-size-default\">DESEMPENHO DA EVOLU\u00c7\u00c3O PARA FORMAR PESSOAS CRIATIVAS.<\/h2>\t\t\t\t<\/div>\n\t\t\t\t<\/div>\n\t\t\t\t<div class=\"elementor-element elementor-element-8adc54d elementor-widget elementor-widget-heading\" data-id=\"8adc54d\" data-element_type=\"widget\" data-e-type=\"widget\" data-widget_type=\"heading.default\">\n\t\t\t\t<div class=\"elementor-widget-container\">\n\t\t\t\t\t<p class=\"elementor-heading-title elementor-size-default\"><span style=\"font-size: 18px\">Avalia\u00e7\u00e3o da Alfabetiza\u00e7\u00e3o - Avalia\u00e7\u00f5es estruturadas a partir de um conjunto de habilidades relevantes em apropria\u00e7\u00e3o do alfabeto, leitura e escrita para auxiliar o professor e a escola a demarcarem momentos significativos do aprendizado das crian\u00e7as, visando o diagn\u00f3stico do ensino e contribuindo, assim, para a organiza\u00e7\u00e3o do trabalho do professor com a alfabetiza\u00e7\u00e3o e o ensino da l\u00edngua no cotidiano da sala de aula nos dois primeiros anos do Ensino Fundamental.<\/span><br><span style=\"font-size: 18px\">\nAvalia\u00e7\u00f5es Bimestrais Integradas UNOi \u2013 Avalia\u00e7\u00f5es que seguem o conte\u00fado program\u00e1tico de cada bimestre (Ensino Fundamental (1\u00ba ao 9\u00ba ano).<\/span><br><span style=\"font-size: 18px\">\nSimulado Saeb Fundamental - Avalia\u00e7\u00f5es constru\u00eddas pensando na identifica\u00e7\u00e3o das habilidades da BNCC, como projeto pedag\u00f3gico Saeb. Simulado dos componentes curriculares de L\u00edngua Portuguesa e Matem\u00e1tica, com corre\u00e7\u00e3o pela Teoria de Resposta ao Item (TRI), que visam o diagn\u00f3stico do segmento do Ensino Fundamental - (Ensino Fundamental 5\u00ba ao 9\u00ba ano).<\/span><br><span style=\"font-size: 18px\">\nSimulado Enem - Provas baseadas no modelo do Enem, com alta qualidade pedag\u00f3gica e distribui\u00e7\u00e3o de quest\u00f5es de acordo com a Matriz de Compet\u00eancias e Habilidades do Inep (Ensino Fundamental - Anos Finais 9\u00ba ano e Ensino M\u00e9dio 1\u00aa \u00e0 3\u00aa s\u00e9rie).<\/span><br><span style=\"font-size: 18px\">\nTexto 1000 - Texto 1000 \u00e9 uma ferramenta que visa transformar os h\u00e1bitos de professores e estudantes, com foco em um \u00f3timo desempenho na reda\u00e7\u00e3o do Enem (Ensino M\u00e9dio).<\/span><\/p>\t\t\t\t<\/div>\n\t\t\t\t<\/div>\n\t\t\t\t\t<\/div>\n\t\t\t\t<\/div>\n\t\t<div class=\"elementor-element elementor-element-3510ab1 e-flex e-con-boxed e-con e-parent\" data-id=\"3510ab1\" data-element_type=\"container\" data-e-type=\"container\">\n\t\t\t\t\t<div class=\"e-con-inner\">\n\t\t\t\t<div class=\"elementor-element elementor-element-add05b7 elementor-widget elementor-widget-image\" data-id=\"add05b7\" data-element_type=\"widget\" data-e-type=\"widget\" data-widget_type=\"image.default\">\n\t\t\t\t<div class=\"elementor-widget-container\">\n\t\t\t\t\t\t\t\t\t\t\t\t\t\t\t<img fetchpriority=\"high\" decoding=\"async\" width=\"1080\" height=\"1080\" src=\"https:\/\/mariaimaculada.com.br\/wp-content\/uploads\/2024\/07\/simuladounoi.jpg\" class=\"attachment-full size-full wp-image-3398\" alt=\"Simulado plataforma Avalia\u00e7\u00f5es\" srcset=\"https:\/\/mariaimaculada.com.br\/wp-content\/uploads\/2024\/07\/simuladounoi.jpg 1080w, https:\/\/mariaimaculada.com.br\/wp-content\/uploads\/2024\/07\/simuladounoi-300x300.jpg 300w, https:\/\/mariaimaculada.com.br\/wp-content\/uploads\/2024\/07\/simuladounoi-1024x1024.jpg 1024w, https:\/\/mariaimaculada.com.br\/wp-content\/uploads\/2024\/07\/simuladounoi-150x150.jpg 150w, https:\/\/mariaimaculada.com.br\/wp-content\/uploads\/2024\/07\/simuladounoi-768x768.jpg 768w, https:\/\/mariaimaculada.com.br\/wp-content\/uploads\/2024\/07\/simuladounoi-125x125.jpg 125w\" sizes=\"(max-width: 1080px) 100vw, 1080px\" \/>\t\t\t\t\t\t\t\t\t\t\t\t\t\t\t<\/div>\n\t\t\t\t<\/div>\n\t\t\t\t\t<\/div>\n\t\t\t\t<\/div>\n\t\t\t\t<\/div>\n\t\t","protected":false},"excerpt":{"rendered":"<p>Avalia\u00e7\u00f5es Externas Home O Col\u00e9gio Avalia\u00e7\u00f5es Externas Cultura avaliativa em parceria com o Projeto UNOi &#8211; Plataforma Santillana Avalia\u00e7\u00f5es UNOI Oferece \u00e0s escolas parceiras uma s\u00e9rie de avalia\u00e7\u00f5es que colaboram&#8230;  <a class=\"excerpt-read-more\" href=\"https:\/\/mariaimaculada.com.br\/index.php\/avaliacoes-externas\/\" title=\"Read Avalia\u00e7\u00f5es Externas\">Leia mais &raquo;<\/a><\/p>\n","protected":false},"author":1,"featured_media":0,"parent":0,"menu_order":0,"comment_status":"closed","ping_status":"closed","template":"","meta":{"_acf_changed":false,"_price":"","_stock":"","_tribe_ticket_header":"","_tribe_default_ticket_provider":"","_ticket_start_date":"","_ticket_end_date":"","_tribe_ticket_show_description":"","_tribe_ticket_show_not_going":false,"_tribe_ticket_use_global_stock":"","_tribe_ticket_global_stock_level":"","_global_stock_mode":"","_global_stock_cap":"","_tribe_rsvp_for_event":"","_tribe_ticket_going_count":"","_tribe_ticket_not_going_count":"","_tribe_tickets_list":"[]","_tribe_ticket_has_attendee_info_fields":false,"footnotes":"","_tec_slr_enabled":"","_tec_slr_layout":""},"class_list":["post-1544","page","type-page","status-publish","hentry"],"acf":[],"yoast_head":"<!-- This site is optimized with the Yoast SEO plugin v27.0 - https:\/\/yoast.com\/product\/yoast-seo-wordpress\/ -->\n<title>Avalia\u00e7\u00f5es Externas - Col\u00e9gio Maria Imaculada<\/title>\n<meta name=\"robots\" content=\"index, follow, max-snippet:-1, max-image-preview:large, max-video-preview:-1\" \/>\n<link rel=\"canonical\" href=\"https:\/\/mariaimaculada.com.br\/index.php\/avaliacoes-externas\/\" \/>\n<meta property=\"og:locale\" content=\"pt_BR\" \/>\n<meta property=\"og:type\" content=\"article\" \/>\n<meta property=\"og:title\" content=\"Avalia\u00e7\u00f5es Externas - Col\u00e9gio Maria Imaculada\" \/>\n<meta property=\"og:description\" content=\"Avalia\u00e7\u00f5es Externas Home O Col\u00e9gio Avalia\u00e7\u00f5es Externas Cultura avaliativa em parceria com o Projeto UNOi &#8211; Plataforma Santillana Avalia\u00e7\u00f5es UNOI Oferece \u00e0s escolas parceiras uma s\u00e9rie de avalia\u00e7\u00f5es que colaboram... Leia mais &raquo;\" \/>\n<meta property=\"og:url\" content=\"https:\/\/mariaimaculada.com.br\/index.php\/avaliacoes-externas\/\" \/>\n<meta property=\"og:site_name\" content=\"Col\u00e9gio Maria Imaculada\" \/>\n<meta property=\"article:modified_time\" content=\"2024-08-12T11:11:30+00:00\" \/>\n<meta property=\"og:image\" content=\"https:\/\/mariaimaculada.com.br\/wp-content\/uploads\/2024\/07\/simuladounoi.jpg\" \/>\n\t<meta property=\"og:image:width\" content=\"1080\" \/>\n\t<meta property=\"og:image:height\" content=\"1080\" \/>\n\t<meta property=\"og:image:type\" content=\"image\/jpeg\" \/>\n<meta name=\"twitter:card\" content=\"summary_large_image\" \/>\n<meta name=\"twitter:label1\" content=\"Est. tempo de leitura\" \/>\n\t<meta name=\"twitter:data1\" content=\"2 minutos\" \/>\n<script type=\"application\/ld+json\" class=\"yoast-schema-graph\">{\"@context\":\"https:\/\/schema.org\",\"@graph\":[{\"@type\":\"WebPage\",\"@id\":\"https:\/\/mariaimaculada.com.br\/index.php\/avaliacoes-externas\/\",\"url\":\"https:\/\/mariaimaculada.com.br\/index.php\/avaliacoes-externas\/\",\"name\":\"Avalia\u00e7\u00f5es Externas - Col\u00e9gio Maria Imaculada\",\"isPartOf\":{\"@id\":\"https:\/\/mariaimaculada.com.br\/#website\"},\"primaryImageOfPage\":{\"@id\":\"https:\/\/mariaimaculada.com.br\/index.php\/avaliacoes-externas\/#primaryimage\"},\"image\":{\"@id\":\"https:\/\/mariaimaculada.com.br\/index.php\/avaliacoes-externas\/#primaryimage\"},\"thumbnailUrl\":\"https:\/\/mariaimaculada.com.br\/wp-content\/uploads\/2024\/07\/simuladounoi.jpg\",\"datePublished\":\"2024-04-04T19:33:51+00:00\",\"dateModified\":\"2024-08-12T11:11:30+00:00\",\"breadcrumb\":{\"@id\":\"https:\/\/mariaimaculada.com.br\/index.php\/avaliacoes-externas\/#breadcrumb\"},\"inLanguage\":\"pt-BR\",\"potentialAction\":[{\"@type\":\"ReadAction\",\"target\":[\"https:\/\/mariaimaculada.com.br\/index.php\/avaliacoes-externas\/\"]}]},{\"@type\":\"ImageObject\",\"inLanguage\":\"pt-BR\",\"@id\":\"https:\/\/mariaimaculada.com.br\/index.php\/avaliacoes-externas\/#primaryimage\",\"url\":\"https:\/\/mariaimaculada.com.br\/wp-content\/uploads\/2024\/07\/simuladounoi.jpg\",\"contentUrl\":\"https:\/\/mariaimaculada.com.br\/wp-content\/uploads\/2024\/07\/simuladounoi.jpg\",\"width\":1080,\"height\":1080,\"caption\":\"Simulado plataforma Avalia\u00e7\u00f5es\"},{\"@type\":\"BreadcrumbList\",\"@id\":\"https:\/\/mariaimaculada.com.br\/index.php\/avaliacoes-externas\/#breadcrumb\",\"itemListElement\":[{\"@type\":\"ListItem\",\"position\":1,\"name\":\"In\u00edcio\",\"item\":\"https:\/\/mariaimaculada.com.br\/\"},{\"@type\":\"ListItem\",\"position\":2,\"name\":\"Avalia\u00e7\u00f5es Externas\"}]},{\"@type\":\"WebSite\",\"@id\":\"https:\/\/mariaimaculada.com.br\/#website\",\"url\":\"https:\/\/mariaimaculada.com.br\/\",\"name\":\"Col\u00e9gio Maria Imaculada\",\"description\":\"Col\u00e9gio da Rede Franciscana Bernardina, localizado em Porto Alegre-RS na Avenida Padre Cacique 1028. O Col\u00e9gio atende desde a Educa\u00e7\u00e3o Infantil at\u00e9 o Ensino M\u00e9dio.\",\"publisher\":{\"@id\":\"https:\/\/mariaimaculada.com.br\/#organization\"},\"potentialAction\":[{\"@type\":\"SearchAction\",\"target\":{\"@type\":\"EntryPoint\",\"urlTemplate\":\"https:\/\/mariaimaculada.com.br\/?s={search_term_string}\"},\"query-input\":{\"@type\":\"PropertyValueSpecification\",\"valueRequired\":true,\"valueName\":\"search_term_string\"}}],\"inLanguage\":\"pt-BR\"},{\"@type\":\"Organization\",\"@id\":\"https:\/\/mariaimaculada.com.br\/#organization\",\"name\":\"Col\u00e9gio Maria Imaculada\",\"url\":\"https:\/\/mariaimaculada.com.br\/\",\"logo\":{\"@type\":\"ImageObject\",\"inLanguage\":\"pt-BR\",\"@id\":\"https:\/\/mariaimaculada.com.br\/#\/schema\/logo\/image\/\",\"url\":\"https:\/\/mariaimaculada.com.br\/wp-content\/uploads\/2023\/12\/maria-imaculada.png\",\"contentUrl\":\"https:\/\/mariaimaculada.com.br\/wp-content\/uploads\/2023\/12\/maria-imaculada.png\",\"width\":338,\"height\":84,\"caption\":\"Col\u00e9gio Maria Imaculada\"},\"image\":{\"@id\":\"https:\/\/mariaimaculada.com.br\/#\/schema\/logo\/image\/\"}}]}<\/script>\n<!-- \/ Yoast SEO plugin. -->","yoast_head_json":{"title":"Avalia\u00e7\u00f5es Externas - Col\u00e9gio Maria Imaculada","robots":{"index":"index","follow":"follow","max-snippet":"max-snippet:-1","max-image-preview":"max-image-preview:large","max-video-preview":"max-video-preview:-1"},"canonical":"https:\/\/mariaimaculada.com.br\/index.php\/avaliacoes-externas\/","og_locale":"pt_BR","og_type":"article","og_title":"Avalia\u00e7\u00f5es Externas - Col\u00e9gio Maria Imaculada","og_description":"Avalia\u00e7\u00f5es Externas Home O Col\u00e9gio Avalia\u00e7\u00f5es Externas Cultura avaliativa em parceria com o Projeto UNOi &#8211; Plataforma Santillana Avalia\u00e7\u00f5es UNOI Oferece \u00e0s escolas parceiras uma s\u00e9rie de avalia\u00e7\u00f5es que colaboram... Leia mais &raquo;","og_url":"https:\/\/mariaimaculada.com.br\/index.php\/avaliacoes-externas\/","og_site_name":"Col\u00e9gio Maria Imaculada","article_modified_time":"2024-08-12T11:11:30+00:00","og_image":[{"width":1080,"height":1080,"url":"https:\/\/mariaimaculada.com.br\/wp-content\/uploads\/2024\/07\/simuladounoi.jpg","type":"image\/jpeg"}],"twitter_card":"summary_large_image","twitter_misc":{"Est. tempo de leitura":"2 minutos"},"schema":{"@context":"https:\/\/schema.org","@graph":[{"@type":"WebPage","@id":"https:\/\/mariaimaculada.com.br\/index.php\/avaliacoes-externas\/","url":"https:\/\/mariaimaculada.com.br\/index.php\/avaliacoes-externas\/","name":"Avalia\u00e7\u00f5es Externas - Col\u00e9gio Maria Imaculada","isPartOf":{"@id":"https:\/\/mariaimaculada.com.br\/#website"},"primaryImageOfPage":{"@id":"https:\/\/mariaimaculada.com.br\/index.php\/avaliacoes-externas\/#primaryimage"},"image":{"@id":"https:\/\/mariaimaculada.com.br\/index.php\/avaliacoes-externas\/#primaryimage"},"thumbnailUrl":"https:\/\/mariaimaculada.com.br\/wp-content\/uploads\/2024\/07\/simuladounoi.jpg","datePublished":"2024-04-04T19:33:51+00:00","dateModified":"2024-08-12T11:11:30+00:00","breadcrumb":{"@id":"https:\/\/mariaimaculada.com.br\/index.php\/avaliacoes-externas\/#breadcrumb"},"inLanguage":"pt-BR","potentialAction":[{"@type":"ReadAction","target":["https:\/\/mariaimaculada.com.br\/index.php\/avaliacoes-externas\/"]}]},{"@type":"ImageObject","inLanguage":"pt-BR","@id":"https:\/\/mariaimaculada.com.br\/index.php\/avaliacoes-externas\/#primaryimage","url":"https:\/\/mariaimaculada.com.br\/wp-content\/uploads\/2024\/07\/simuladounoi.jpg","contentUrl":"https:\/\/mariaimaculada.com.br\/wp-content\/uploads\/2024\/07\/simuladounoi.jpg","width":1080,"height":1080,"caption":"Simulado plataforma Avalia\u00e7\u00f5es"},{"@type":"BreadcrumbList","@id":"https:\/\/mariaimaculada.com.br\/index.php\/avaliacoes-externas\/#breadcrumb","itemListElement":[{"@type":"ListItem","position":1,"name":"In\u00edcio","item":"https:\/\/mariaimaculada.com.br\/"},{"@type":"ListItem","position":2,"name":"Avalia\u00e7\u00f5es Externas"}]},{"@type":"WebSite","@id":"https:\/\/mariaimaculada.com.br\/#website","url":"https:\/\/mariaimaculada.com.br\/","name":"Col\u00e9gio Maria Imaculada","description":"Col\u00e9gio da Rede Franciscana Bernardina, localizado em Porto Alegre-RS na Avenida Padre Cacique 1028. O Col\u00e9gio atende desde a Educa\u00e7\u00e3o Infantil at\u00e9 o Ensino M\u00e9dio.","publisher":{"@id":"https:\/\/mariaimaculada.com.br\/#organization"},"potentialAction":[{"@type":"SearchAction","target":{"@type":"EntryPoint","urlTemplate":"https:\/\/mariaimaculada.com.br\/?s={search_term_string}"},"query-input":{"@type":"PropertyValueSpecification","valueRequired":true,"valueName":"search_term_string"}}],"inLanguage":"pt-BR"},{"@type":"Organization","@id":"https:\/\/mariaimaculada.com.br\/#organization","name":"Col\u00e9gio Maria Imaculada","url":"https:\/\/mariaimaculada.com.br\/","logo":{"@type":"ImageObject","inLanguage":"pt-BR","@id":"https:\/\/mariaimaculada.com.br\/#\/schema\/logo\/image\/","url":"https:\/\/mariaimaculada.com.br\/wp-content\/uploads\/2023\/12\/maria-imaculada.png","contentUrl":"https:\/\/mariaimaculada.com.br\/wp-content\/uploads\/2023\/12\/maria-imaculada.png","width":338,"height":84,"caption":"Col\u00e9gio Maria Imaculada"},"image":{"@id":"https:\/\/mariaimaculada.com.br\/#\/schema\/logo\/image\/"}}]}},"ticketed":false,"_links":{"self":[{"href":"https:\/\/mariaimaculada.com.br\/index.php\/wp-json\/wp\/v2\/pages\/1544","targetHints":{"allow":["GET"]}}],"collection":[{"href":"https:\/\/mariaimaculada.com.br\/index.php\/wp-json\/wp\/v2\/pages"}],"about":[{"href":"https:\/\/mariaimaculada.com.br\/index.php\/wp-json\/wp\/v2\/types\/page"}],"author":[{"embeddable":true,"href":"https:\/\/mariaimaculada.com.br\/index.php\/wp-json\/wp\/v2\/users\/1"}],"replies":[{"embeddable":true,"href":"https:\/\/mariaimaculada.com.br\/index.php\/wp-json\/wp\/v2\/comments?post=1544"}],"version-history":[{"count":0,"href":"https:\/\/mariaimaculada.com.br\/index.php\/wp-json\/wp\/v2\/pages\/1544\/revisions"}],"wp:attachment":[{"href":"https:\/\/mariaimaculada.com.br\/index.php\/wp-json\/wp\/v2\/media?parent=1544"}],"curies":[{"name":"wp","href":"https:\/\/api.w.org\/{rel}","templated":true}]}}