{"id":2826,"date":"2024-04-29T11:34:40","date_gmt":"2024-04-29T14:34:40","guid":{"rendered":"https:\/\/mariaimaculada.com.br\/?page_id=2826"},"modified":"2025-01-14T13:45:16","modified_gmt":"2025-01-14T16:45:16","slug":"ensino-fundamental-ii","status":"publish","type":"page","link":"https:\/\/mariaimaculada.com.br\/index.php\/ensino-fundamental-ii\/","title":{"rendered":"Ensino Fundamental II"},"content":{"rendered":"\t\t<div data-elementor-type=\"wp-page\" data-elementor-id=\"2826\" class=\"elementor elementor-2826\" data-elementor-post-type=\"page\">\n\t\t\t\t<div class=\"elementor-element elementor-element-0f6912a e-con-full e-flex e-con e-parent\" data-id=\"0f6912a\" data-element_type=\"container\" data-e-type=\"container\" data-settings=\"{&quot;background_background&quot;:&quot;classic&quot;}\">\n\t\t<div class=\"elementor-element elementor-element-02469ce e-flex e-con-boxed e-con e-child\" data-id=\"02469ce\" data-element_type=\"container\" data-e-type=\"container\">\n\t\t\t\t\t<div class=\"e-con-inner\">\n\t\t<div class=\"elementor-element elementor-element-b4aaf97 e-con-full e-flex e-con e-child\" data-id=\"b4aaf97\" data-element_type=\"container\" data-e-type=\"container\">\n\t\t\t\t<div class=\"elementor-element elementor-element-4c23f1f elementor-widget elementor-widget-heading\" data-id=\"4c23f1f\" data-element_type=\"widget\" data-e-type=\"widget\" data-widget_type=\"heading.default\">\n\t\t\t\t<div class=\"elementor-widget-container\">\n\t\t\t\t\t<h1 class=\"elementor-heading-title elementor-size-default\">Ensino Fundamental II<\/h1>\t\t\t\t<\/div>\n\t\t\t\t<\/div>\n\t\t\t\t<\/div>\n\t\t<div class=\"elementor-element elementor-element-e4cdc03 e-con-full e-flex e-con e-child\" data-id=\"e4cdc03\" data-element_type=\"container\" data-e-type=\"container\">\n\t\t<div class=\"elementor-element elementor-element-e396069 e-con-full e-flex e-con e-child\" data-id=\"e396069\" data-element_type=\"container\" data-e-type=\"container\">\n\t\t\t\t<div class=\"elementor-element elementor-element-62795cc elementor-widget elementor-widget-heading\" data-id=\"62795cc\" data-element_type=\"widget\" data-e-type=\"widget\" data-widget_type=\"heading.default\">\n\t\t\t\t<div class=\"elementor-widget-container\">\n\t\t\t\t\t<span class=\"elementor-heading-title elementor-size-default\"><a href=\"https:\/\/mariaimaculada.com.br\/\">Home<\/a><\/span>\t\t\t\t<\/div>\n\t\t\t\t<\/div>\n\t\t\t\t<div class=\"elementor-element elementor-element-1229672 elementor-widget elementor-widget-heading\" data-id=\"1229672\" data-element_type=\"widget\" data-e-type=\"widget\" data-widget_type=\"heading.default\">\n\t\t\t\t<div class=\"elementor-widget-container\">\n\t\t\t\t\t<span class=\"elementor-heading-title elementor-size-default\"><a href=\"#\">Ensino<\/a><\/span>\t\t\t\t<\/div>\n\t\t\t\t<\/div>\n\t\t\t\t<div class=\"elementor-element elementor-element-f84f3b1 elementor-widget elementor-widget-heading\" data-id=\"f84f3b1\" data-element_type=\"widget\" data-e-type=\"widget\" data-widget_type=\"heading.default\">\n\t\t\t\t<div class=\"elementor-widget-container\">\n\t\t\t\t\t<span class=\"elementor-heading-title elementor-size-default\"><a href=\"https:\/\/mariaimaculada.com.br\/?page_id=2826&#038;preview=true\">Ensino Fundamental II<\/a><\/span>\t\t\t\t<\/div>\n\t\t\t\t<\/div>\n\t\t\t\t<\/div>\n\t\t\t\t<\/div>\n\t\t\t\t\t<\/div>\n\t\t\t\t<\/div>\n\t\t\t\t<\/div>\n\t\t<div class=\"elementor-element elementor-element-c9192dc e-flex e-con-boxed e-con e-parent\" data-id=\"c9192dc\" data-element_type=\"container\" data-e-type=\"container\">\n\t\t\t\t\t<div class=\"e-con-inner\">\n\t\t\t\t<div class=\"elementor-element elementor-element-962c17b elementor-widget elementor-widget-spacer\" data-id=\"962c17b\" data-element_type=\"widget\" data-e-type=\"widget\" data-widget_type=\"spacer.default\">\n\t\t\t\t<div class=\"elementor-widget-container\">\n\t\t\t\t\t\t\t<div class=\"elementor-spacer\">\n\t\t\t<div class=\"elementor-spacer-inner\"><\/div>\n\t\t<\/div>\n\t\t\t\t\t\t<\/div>\n\t\t\t\t<\/div>\n\t\t\t\t\t<\/div>\n\t\t\t\t<\/div>\n\t\t<div class=\"elementor-element elementor-element-42b9f65 e-flex e-con-boxed e-con e-parent\" data-id=\"42b9f65\" data-element_type=\"container\" data-e-type=\"container\">\n\t\t\t\t\t<div class=\"e-con-inner\">\n\t\t\t\t<div class=\"elementor-element elementor-element-aeb2cdf elementor-widget elementor-widget-heading\" data-id=\"aeb2cdf\" data-element_type=\"widget\" data-e-type=\"widget\" data-widget_type=\"heading.default\">\n\t\t\t\t<div class=\"elementor-widget-container\">\n\t\t\t\t\t<h3 class=\"elementor-heading-title elementor-size-default\">Ensino Fundamental II \/Anos Finais<\/h3>\t\t\t\t<\/div>\n\t\t\t\t<\/div>\n\t\t\t\t<div class=\"elementor-element elementor-element-5f86056 elementor-widget elementor-widget-heading\" data-id=\"5f86056\" data-element_type=\"widget\" data-e-type=\"widget\" data-widget_type=\"heading.default\">\n\t\t\t\t<div class=\"elementor-widget-container\">\n\t\t\t\t\t<p class=\"elementor-heading-title elementor-size-default\">Os anos finais do Ensino Fundamental oportunizam o aprofundamento e a amplia\u00e7\u00e3o de repert\u00f3rios. Visam fortalecer a autonomia dos estudantes, ofertando-lhes oportunidades e ferramentas para a constru\u00e7\u00e3o do conhecimento e amplia\u00e7\u00e3o da compreens\u00e3o do mundo - fundamentadas no aprender a aprender, no aprender a pensar, no aprender a ser e no aprender a conviver.<br>\nContempla as \u00e1reas de conhecimento: L\u00edngua Portuguesa, Matem\u00e1tica, Ci\u00eancias, Geografia, Hist\u00f3ria, L\u00edngua Inglesa, L\u00edngua Espanhola, Arte, Educa\u00e7\u00e3o F\u00edsica, Educa\u00e7\u00e3o Financeira e Ensino Religioso.<\/p>\t\t\t\t<\/div>\n\t\t\t\t<\/div>\n\t\t\t\t\t<\/div>\n\t\t\t\t<\/div>\n\t\t<div class=\"elementor-element elementor-element-f7639c4 e-flex e-con-boxed e-con e-parent\" data-id=\"f7639c4\" data-element_type=\"container\" data-e-type=\"container\">\n\t\t\t\t\t<div class=\"e-con-inner\">\n\t\t\t\t<div class=\"elementor-element elementor-element-265e717 elementor-widget elementor-widget-heading\" data-id=\"265e717\" data-element_type=\"widget\" data-e-type=\"widget\" data-widget_type=\"heading.default\">\n\t\t\t\t<div class=\"elementor-widget-container\">\n\t\t\t\t\t<h2 class=\"elementor-heading-title elementor-size-default\">O que o Col\u00e9gio Oferece no Ensino Fundamental II \/ Anos Finais \n<\/h2>\t\t\t\t<\/div>\n\t\t\t\t<\/div>\n\t\t\t\t\t<\/div>\n\t\t\t\t<\/div>\n\t\t<div class=\"elementor-element elementor-element-b825b51 e-flex e-con-boxed e-con e-parent\" data-id=\"b825b51\" data-element_type=\"container\" data-e-type=\"container\">\n\t\t\t\t\t<div class=\"e-con-inner\">\n\t\t\t\t<div class=\"elementor-element elementor-element-0656108 elementor-icon-list--layout-traditional elementor-list-item-link-full_width elementor-widget elementor-widget-icon-list\" data-id=\"0656108\" data-element_type=\"widget\" data-e-type=\"widget\" data-widget_type=\"icon-list.default\">\n\t\t\t\t<div class=\"elementor-widget-container\">\n\t\t\t\t\t\t\t<ul class=\"elementor-icon-list-items\">\n\t\t\t\t\t\t\t<li class=\"elementor-icon-list-item\">\n\t\t\t\t\t\t\t\t\t\t\t<span class=\"elementor-icon-list-icon\">\n\t\t\t\t\t\t\t<svg aria-hidden=\"true\" class=\"e-font-icon-svg e-fas-check-circle\" viewBox=\"0 0 512 512\" xmlns=\"http:\/\/www.w3.org\/2000\/svg\"><path d=\"M504 256c0 136.967-111.033 248-248 248S8 392.967 8 256 119.033 8 256 8s248 111.033 248 248zM227.314 387.314l184-184c6.248-6.248 6.248-16.379 0-22.627l-22.627-22.627c-6.248-6.249-16.379-6.249-22.628 0L216 308.118l-70.059-70.059c-6.248-6.248-16.379-6.248-22.628 0l-22.627 22.627c-6.248 6.248-6.248 16.379 0 22.627l104 104c6.249 6.249 16.379 6.249 22.628.001z\"><\/path><\/svg>\t\t\t\t\t\t<\/span>\n\t\t\t\t\t\t\t\t\t\t<span class=\"elementor-icon-list-text\">Programa Bil\u00edngue<\/span>\n\t\t\t\t\t\t\t\t\t<\/li>\n\t\t\t\t\t\t\t\t<li class=\"elementor-icon-list-item\">\n\t\t\t\t\t\t\t\t\t\t\t<span class=\"elementor-icon-list-icon\">\n\t\t\t\t\t\t\t<svg aria-hidden=\"true\" class=\"e-font-icon-svg e-fas-check-circle\" viewBox=\"0 0 512 512\" xmlns=\"http:\/\/www.w3.org\/2000\/svg\"><path d=\"M504 256c0 136.967-111.033 248-248 248S8 392.967 8 256 119.033 8 256 8s248 111.033 248 248zM227.314 387.314l184-184c6.248-6.248 6.248-16.379 0-22.627l-22.627-22.627c-6.248-6.249-16.379-6.249-22.628 0L216 308.118l-70.059-70.059c-6.248-6.248-16.379-6.248-22.628 0l-22.627 22.627c-6.248 6.248-6.248 16.379 0 22.627l104 104c6.249 6.249 16.379 6.249 22.628.001z\"><\/path><\/svg>\t\t\t\t\t\t<\/span>\n\t\t\t\t\t\t\t\t\t\t<span class=\"elementor-icon-list-text\">Projeto UNOi Educa\u00e7\u00e3o: uso de material did\u00e1tico e plataforma de conte\u00fados digitais que favorece o protagonismo dos estudantes.<\/span>\n\t\t\t\t\t\t\t\t\t<\/li>\n\t\t\t\t\t\t\t\t<li class=\"elementor-icon-list-item\">\n\t\t\t\t\t\t\t\t\t\t\t<span class=\"elementor-icon-list-icon\">\n\t\t\t\t\t\t\t<svg aria-hidden=\"true\" class=\"e-font-icon-svg e-fas-check-circle\" viewBox=\"0 0 512 512\" xmlns=\"http:\/\/www.w3.org\/2000\/svg\"><path d=\"M504 256c0 136.967-111.033 248-248 248S8 392.967 8 256 119.033 8 256 8s248 111.033 248 248zM227.314 387.314l184-184c6.248-6.248 6.248-16.379 0-22.627l-22.627-22.627c-6.248-6.249-16.379-6.249-22.628 0L216 308.118l-70.059-70.059c-6.248-6.248-16.379-6.248-22.628 0l-22.627 22.627c-6.248 6.248-6.248 16.379 0 22.627l104 104c6.249 6.249 16.379 6.249 22.628.001z\"><\/path><\/svg>\t\t\t\t\t\t<\/span>\n\t\t\t\t\t\t\t\t\t\t<span class=\"elementor-icon-list-text\">Projeto de Inicia\u00e7\u00e3o Cient\u00edfica<\/span>\n\t\t\t\t\t\t\t\t\t<\/li>\n\t\t\t\t\t\t\t\t<li class=\"elementor-icon-list-item\">\n\t\t\t\t\t\t\t\t\t\t\t<span class=\"elementor-icon-list-icon\">\n\t\t\t\t\t\t\t<svg aria-hidden=\"true\" class=\"e-font-icon-svg e-fas-check-circle\" viewBox=\"0 0 512 512\" xmlns=\"http:\/\/www.w3.org\/2000\/svg\"><path d=\"M504 256c0 136.967-111.033 248-248 248S8 392.967 8 256 119.033 8 256 8s248 111.033 248 248zM227.314 387.314l184-184c6.248-6.248 6.248-16.379 0-22.627l-22.627-22.627c-6.248-6.249-16.379-6.249-22.628 0L216 308.118l-70.059-70.059c-6.248-6.248-16.379-6.248-22.628 0l-22.627 22.627c-6.248 6.248-6.248 16.379 0 22.627l104 104c6.249 6.249 16.379 6.249 22.628.001z\"><\/path><\/svg>\t\t\t\t\t\t<\/span>\n\t\t\t\t\t\t\t\t\t\t<span class=\"elementor-icon-list-text\">Espanhol e Educa\u00e7\u00e3o Financeira<\/span>\n\t\t\t\t\t\t\t\t\t<\/li>\n\t\t\t\t\t\t<\/ul>\n\t\t\t\t\t\t<\/div>\n\t\t\t\t<\/div>\n\t\t\t\t\t<\/div>\n\t\t\t\t<\/div>\n\t\t<div class=\"elementor-element elementor-element-b8b1179 e-flex e-con-boxed e-con e-parent\" data-id=\"b8b1179\" data-element_type=\"container\" data-e-type=\"container\">\n\t\t\t\t\t<div class=\"e-con-inner\">\n\t\t\t\t\t<\/div>\n\t\t\t\t<\/div>\n\t\t<div class=\"elementor-element elementor-element-176a564 e-flex e-con-boxed e-con e-parent\" data-id=\"176a564\" data-element_type=\"container\" data-e-type=\"container\">\n\t\t\t\t\t<div class=\"e-con-inner\">\n\t\t<div class=\"elementor-element elementor-element-a2400b2 e-flex e-con-boxed e-con e-child\" data-id=\"a2400b2\" data-element_type=\"container\" data-e-type=\"container\" data-settings=\"{&quot;background_background&quot;:&quot;classic&quot;}\">\n\t\t\t\t\t<div class=\"e-con-inner\">\n\t\t\t\t<div class=\"elementor-element elementor-element-e90a06b elementor-widget elementor-widget-heading\" data-id=\"e90a06b\" data-element_type=\"widget\" data-e-type=\"widget\" data-widget_type=\"heading.default\">\n\t\t\t\t<div class=\"elementor-widget-container\">\n\t\t\t\t\t<h3 class=\"elementor-heading-title elementor-size-default\">Hor\u00e1rios do Ensino Fundamental: <\/h3>\t\t\t\t<\/div>\n\t\t\t\t<\/div>\n\t\t\t\t<div class=\"elementor-element elementor-element-56b4303 elementor-widget elementor-widget-heading\" data-id=\"56b4303\" data-element_type=\"widget\" data-e-type=\"widget\" data-widget_type=\"heading.default\">\n\t\t\t\t<div class=\"elementor-widget-container\">\n\t\t\t\t\t<span class=\"elementor-heading-title elementor-size-default\"><strong>Turno da Manh\u00e3:<\/strong> do 6\u00ba ano 8\u00ba ano - das 7h30min \u00e0s 12h\n                                        <strong>9\u00ba Ano - <\/strong> das 7h30min \u00e0s 12h45min<\/span>\t\t\t\t<\/div>\n\t\t\t\t<\/div>\n\t\t\t\t\t<\/div>\n\t\t\t\t<\/div>\n\t\t\t\t\t<\/div>\n\t\t\t\t<\/div>\n\t\t<div class=\"elementor-element elementor-element-479a02f e-con-full e-flex e-con e-parent\" data-id=\"479a02f\" data-element_type=\"container\" data-e-type=\"container\" data-settings=\"{&quot;background_background&quot;:&quot;classic&quot;}\">\n\t\t\t\t<\/div>\n\t\t<div class=\"elementor-element elementor-element-5684f58 e-flex e-con-boxed e-con e-parent\" data-id=\"5684f58\" data-element_type=\"container\" data-e-type=\"container\">\n\t\t\t\t\t<div class=\"e-con-inner\">\n\t\t\t\t<div class=\"elementor-element elementor-element-ea7abaf elementor-widget elementor-widget-spacer\" data-id=\"ea7abaf\" data-element_type=\"widget\" data-e-type=\"widget\" data-widget_type=\"spacer.default\">\n\t\t\t\t<div class=\"elementor-widget-container\">\n\t\t\t\t\t\t\t<div class=\"elementor-spacer\">\n\t\t\t<div class=\"elementor-spacer-inner\"><\/div>\n\t\t<\/div>\n\t\t\t\t\t\t<\/div>\n\t\t\t\t<\/div>\n\t\t\t\t\t<\/div>\n\t\t\t\t<\/div>\n\t\t<div class=\"elementor-element elementor-element-c54de87 e-flex e-con-boxed e-con e-parent\" data-id=\"c54de87\" data-element_type=\"container\" data-e-type=\"container\" data-settings=\"{&quot;background_background&quot;:&quot;classic&quot;}\">\n\t\t\t\t\t<div class=\"e-con-inner\">\n\t\t\t\t<div class=\"elementor-element elementor-element-db95957 elementor-widget elementor-widget-heading\" data-id=\"db95957\" data-element_type=\"widget\" data-e-type=\"widget\" data-widget_type=\"heading.default\">\n\t\t\t\t<div class=\"elementor-widget-container\">\n\t\t\t\t\t<h2 class=\"elementor-heading-title elementor-size-default\">Etapas de Ensino<\/h2>\t\t\t\t<\/div>\n\t\t\t\t<\/div>\n\t\t\t\t\t<\/div>\n\t\t\t\t<\/div>\n\t\t<div class=\"elementor-element elementor-element-16313bf e-flex e-con-boxed e-con e-parent\" data-id=\"16313bf\" data-element_type=\"container\" data-e-type=\"container\" data-settings=\"{&quot;background_background&quot;:&quot;classic&quot;}\">\n\t\t\t\t\t<div class=\"e-con-inner\">\n\t\t\t\t<div class=\"elementor-element elementor-element-fe6eabb elementor-widget elementor-widget-html\" data-id=\"fe6eabb\" data-element_type=\"widget\" data-e-type=\"widget\" data-widget_type=\"html.default\">\n\t\t\t\t<div class=\"elementor-widget-container\">\n\t\t\t\t\t<img decoding=\"async\" src=\"https:\/\/mariaimaculada.com.br\/wp-content\/uploads\/2024\/04\/risco-1.png\" alt=\"Borda inferior draggable=\"false>\t\t\t\t<\/div>\n\t\t\t\t<\/div>\n\t\t\t\t\t<\/div>\n\t\t\t\t<\/div>\n\t\t<div class=\"elementor-element elementor-element-7b014b9 e-flex e-con-boxed e-con e-parent\" data-id=\"7b014b9\" data-element_type=\"container\" data-e-type=\"container\">\n\t\t\t\t\t<div class=\"e-con-inner\">\n\t\t<div class=\"elementor-element elementor-element-7727f5f e-con-full e-flex e-con e-child\" data-id=\"7727f5f\" data-element_type=\"container\" data-e-type=\"container\">\n\t\t\t\t<div class=\"elementor-element elementor-element-6d2f4ec elementor-flip-box--effect-flip elementor-flip-box--direction-up elementor-widget elementor-widget-flip-box\" data-id=\"6d2f4ec\" data-element_type=\"widget\" data-e-type=\"widget\" data-widget_type=\"flip-box.default\">\n\t\t\t\t<div class=\"elementor-widget-container\">\n\t\t\t\t\t\t\t<div class=\"elementor-flip-box\" tabindex=\"0\">\n\t\t\t<div class=\"elementor-flip-box__layer elementor-flip-box__front\">\n\t\t\t\t<div class=\"elementor-flip-box__layer__overlay\">\n\t\t\t\t\t<div class=\"elementor-flip-box__layer__inner\">\n\t\t\t\t\t\t\n\t\t\t\t\t\t\t\t\t\t\t\t\t<h3 class=\"elementor-flip-box__layer__title\">\n\t\t\t\t\t\t\t\tEnsino M\u00e9dio                  \t\t\t\t\t\t\t<\/h3>\n\t\t\t\t\t\t\n\t\t\t\t\t\t\t\t\t\t\t\t\t<div class=\"elementor-flip-box__layer__description\">\n\t\t\t\t\t\t\t\tVenha conhecer um novo curr\u00edculo centrado nas possibilidades e interesses dos estudantes. \t\t\t\t\t\t\t<\/div>\n\t\t\t\t\t\t\t\t\t\t\t<\/div>\n\t\t\t\t<\/div>\n\t\t\t<\/div>\n\t\t\t<div class=\"elementor-flip-box__layer elementor-flip-box__back\">\n\t\t\t<div class=\"elementor-flip-box__layer__overlay\">\n\t\t\t\t<div class=\"elementor-flip-box__layer__inner\">\n\t\t\t\t\t\t\t\t\t\t\t<h3 class=\"elementor-flip-box__layer__title\">\n\t\t\t\t\t\t\tENSINO M\u00c9DIO\t\t\t\t\t\t<\/h3>\n\t\t\t\t\t\n\t\t\t\t\t\n\t\t\t\t\t\t\t\t\t\t\t<a class=\"elementor-flip-box__button elementor-button elementor-size-sm\" href=\"https:\/\/mariaimaculada.com.br\/index.php\/ensino-medio\/\">\n\t\t\t\t\t\t\tSaiba mais\t\t\t\t\t\t<\/a>\n\t\t\t\t\t\t\t\t<\/div>\n\t\t<\/div>\n\t\t<\/div>\n\t\t<\/div>\n\t\t\t\t\t\t<\/div>\n\t\t\t\t<\/div>\n\t\t\t\t<\/div>\n\t\t<div class=\"elementor-element elementor-element-b592e55 e-con-full e-flex e-con e-child\" data-id=\"b592e55\" data-element_type=\"container\" data-e-type=\"container\">\n\t\t\t\t<div class=\"elementor-element elementor-element-40c5853 elementor-flip-box--effect-flip elementor-flip-box--direction-up elementor-widget elementor-widget-flip-box\" data-id=\"40c5853\" data-element_type=\"widget\" data-e-type=\"widget\" data-widget_type=\"flip-box.default\">\n\t\t\t\t<div class=\"elementor-widget-container\">\n\t\t\t\t\t\t\t<div class=\"elementor-flip-box\" tabindex=\"0\">\n\t\t\t<div class=\"elementor-flip-box__layer elementor-flip-box__front\">\n\t\t\t\t<div class=\"elementor-flip-box__layer__overlay\">\n\t\t\t\t\t<div class=\"elementor-flip-box__layer__inner\">\n\t\t\t\t\t\t\n\t\t\t\t\t\t\t\t\t\t\t\t\t<h3 class=\"elementor-flip-box__layer__title\">\n\t\t\t\t\t\t\t\tEduca\u00e7\u00e3o Infantil\t\t\t\t\t\t\t<\/h3>\n\t\t\t\t\t\t\n\t\t\t\t\t\t\t\t\t\t\t\t\t<div class=\"elementor-flip-box__layer__description\">\n\t\t\t\t\t\t\t\tS\u00e3o as experi\u00eancias que visam desenvolver a autonomia, atrav\u00e9s da constru\u00e7\u00e3o de v\u00ednculos seguros. \t\t\t\t\t\t\t<\/div>\n\t\t\t\t\t\t\t\t\t\t\t<\/div>\n\t\t\t\t<\/div>\n\t\t\t<\/div>\n\t\t\t<div class=\"elementor-flip-box__layer elementor-flip-box__back\">\n\t\t\t<div class=\"elementor-flip-box__layer__overlay\">\n\t\t\t\t<div class=\"elementor-flip-box__layer__inner\">\n\t\t\t\t\t\t\t\t\t\t\t<h3 class=\"elementor-flip-box__layer__title\">\n\t\t\t\t\t\t\tEduca\u00e7\u00e3o Infantil\t\t\t\t\t\t<\/h3>\n\t\t\t\t\t\n\t\t\t\t\t\n\t\t\t\t\t\t\t\t\t\t\t<a class=\"elementor-flip-box__button elementor-button elementor-size-sm\" href=\"https:\/\/mariaimaculada.com.br\/index.php\/ensino-infantil\/\">\n\t\t\t\t\t\t\tSaiba mais\t\t\t\t\t\t<\/a>\n\t\t\t\t\t\t\t\t<\/div>\n\t\t<\/div>\n\t\t<\/div>\n\t\t<\/div>\n\t\t\t\t\t\t<\/div>\n\t\t\t\t<\/div>\n\t\t\t\t<\/div>\n\t\t<div class=\"elementor-element elementor-element-949acec e-con-full e-flex e-con e-child\" data-id=\"949acec\" data-element_type=\"container\" data-e-type=\"container\">\n\t\t\t\t<div class=\"elementor-element elementor-element-9bfdd09 elementor-flip-box--effect-flip elementor-flip-box--direction-up elementor-widget elementor-widget-flip-box\" data-id=\"9bfdd09\" data-element_type=\"widget\" data-e-type=\"widget\" data-widget_type=\"flip-box.default\">\n\t\t\t\t<div class=\"elementor-widget-container\">\n\t\t\t\t\t\t\t<div class=\"elementor-flip-box\" tabindex=\"0\">\n\t\t\t<div class=\"elementor-flip-box__layer elementor-flip-box__front\">\n\t\t\t\t<div class=\"elementor-flip-box__layer__overlay\">\n\t\t\t\t\t<div class=\"elementor-flip-box__layer__inner\">\n\t\t\t\t\t\t\n\t\t\t\t\t\t\t\t\t\t\t\t\t<h3 class=\"elementor-flip-box__layer__title\">\n\t\t\t\t\t\t\t\tEnsino Fundamental I\t\t\t\t\t\t\t<\/h3>\n\t\t\t\t\t\t\n\t\t\t\t\t\t\t\t\t\t\t\t\t<div class=\"elementor-flip-box__layer__description\">\n\t\t\t\t\t\t\t\tPara compreender o mundo as crian\u00e7as exploram, criam, constroem e brincam. \t\t\t\t\t\t\t<\/div>\n\t\t\t\t\t\t\t\t\t\t\t<\/div>\n\t\t\t\t<\/div>\n\t\t\t<\/div>\n\t\t\t<div class=\"elementor-flip-box__layer elementor-flip-box__back\">\n\t\t\t<div class=\"elementor-flip-box__layer__overlay\">\n\t\t\t\t<div class=\"elementor-flip-box__layer__inner\">\n\t\t\t\t\t\t\t\t\t\t\t<h3 class=\"elementor-flip-box__layer__title\">\n\t\t\t\t\t\t\tENSINO FUNDAMENTAL I\t\t\t\t\t\t<\/h3>\n\t\t\t\t\t\n\t\t\t\t\t\n\t\t\t\t\t\t\t\t\t\t\t<a class=\"elementor-flip-box__button elementor-button elementor-size-sm\" href=\"https:\/\/mariaimaculada.com.br\/index.php\/ensino-fundamental\/\">\n\t\t\t\t\t\t\tSaiba mais\t\t\t\t\t\t<\/a>\n\t\t\t\t\t\t\t\t<\/div>\n\t\t<\/div>\n\t\t<\/div>\n\t\t<\/div>\n\t\t\t\t\t\t<\/div>\n\t\t\t\t<\/div>\n\t\t\t\t<\/div>\n\t\t<div class=\"elementor-element elementor-element-6f4374c e-con-full e-flex e-con e-child\" data-id=\"6f4374c\" data-element_type=\"container\" data-e-type=\"container\">\n\t\t\t\t<div class=\"elementor-element elementor-element-f480ea0 elementor-flip-box--effect-flip elementor-flip-box--direction-up elementor-widget elementor-widget-flip-box\" data-id=\"f480ea0\" data-element_type=\"widget\" data-e-type=\"widget\" data-widget_type=\"flip-box.default\">\n\t\t\t\t<div class=\"elementor-widget-container\">\n\t\t\t\t\t\t\t<div class=\"elementor-flip-box\" tabindex=\"0\">\n\t\t\t<div class=\"elementor-flip-box__layer elementor-flip-box__front\">\n\t\t\t\t<div class=\"elementor-flip-box__layer__overlay\">\n\t\t\t\t\t<div class=\"elementor-flip-box__layer__inner\">\n\t\t\t\t\t\t\n\t\t\t\t\t\t\t\t\t\t\t\t\t<h3 class=\"elementor-flip-box__layer__title\">\n\t\t\t\t\t\t\t\tTurno Inverso\t\t\t\t\t\t\t<\/h3>\n\t\t\t\t\t\t\n\t\t\t\t\t\t\t\t\t\t\t\t\t<div class=\"elementor-flip-box__layer__description\">\n\t\t\t\t\t\t\t\tVenha conhecer uma proposta de atendimento educacional voltada ao desenvolvimento de aprendizagens diversificadas.\t\t\t\t\t\t\t<\/div>\n\t\t\t\t\t\t\t\t\t\t\t<\/div>\n\t\t\t\t<\/div>\n\t\t\t<\/div>\n\t\t\t<div class=\"elementor-flip-box__layer elementor-flip-box__back\">\n\t\t\t<div class=\"elementor-flip-box__layer__overlay\">\n\t\t\t\t<div class=\"elementor-flip-box__layer__inner\">\n\t\t\t\t\t\t\t\t\t\t\t<h3 class=\"elementor-flip-box__layer__title\">\n\t\t\t\t\t\t\tTURNO INVERSO\t\t\t\t\t\t<\/h3>\n\t\t\t\t\t\n\t\t\t\t\t\n\t\t\t\t\t\t\t\t\t\t\t<a class=\"elementor-flip-box__button elementor-button elementor-size-sm\" href=\"https:\/\/mariaimaculada.com.br\/index.php\/turno-inverso\/\">\n\t\t\t\t\t\t\tSaiba mais\t\t\t\t\t\t<\/a>\n\t\t\t\t\t\t\t\t<\/div>\n\t\t<\/div>\n\t\t<\/div>\n\t\t<\/div>\n\t\t\t\t\t\t<\/div>\n\t\t\t\t<\/div>\n\t\t\t\t<\/div>\n\t\t\t\t\t<\/div>\n\t\t\t\t<\/div>\n\t\t<div class=\"elementor-element elementor-element-f385487 e-con-full e-flex e-con e-parent\" data-id=\"f385487\" data-element_type=\"container\" data-e-type=\"container\">\n\t\t\t\t<div class=\"elementor-element elementor-element-34c5b1e elementor-widget elementor-widget-template\" data-id=\"34c5b1e\" data-element_type=\"widget\" data-e-type=\"widget\" data-widget_type=\"template.default\">\n\t\t\t\t<div class=\"elementor-widget-container\">\n\t\t\t\t\t\t\t<div class=\"elementor-template\">\n\t\t\t\t\t<div data-elementor-type=\"container\" data-elementor-id=\"405\" class=\"elementor elementor-405\" data-elementor-post-type=\"elementor_library\">\n\t\t\t\t<div class=\"elementor-element elementor-element-5f2d8cee e-con-full e-flex e-con e-parent\" data-id=\"5f2d8cee\" data-element_type=\"container\" data-e-type=\"container\" data-settings=\"{&quot;background_background&quot;:&quot;classic&quot;}\">\n\t\t<div class=\"elementor-element elementor-element-480653c6 e-flex e-con-boxed e-con e-child\" data-id=\"480653c6\" data-element_type=\"container\" data-e-type=\"container\">\n\t\t\t\t\t<div class=\"e-con-inner\">\n\t\t\t\t<div class=\"elementor-element elementor-element-6adc0f3a elementor-widget elementor-widget-heading\" data-id=\"6adc0f3a\" data-element_type=\"widget\" data-e-type=\"widget\" data-widget_type=\"heading.default\">\n\t\t\t\t<div class=\"elementor-widget-container\">\n\t\t\t\t\t<h2 class=\"elementor-heading-title elementor-size-default\">Quer receber mais informa\u00e7\u00f5es<br>Ou agendar uma visita?<\/h2>\t\t\t\t<\/div>\n\t\t\t\t<\/div>\n\t\t\t\t<div class=\"elementor-element elementor-element-1d12166b elementor-widget elementor-widget-button\" data-id=\"1d12166b\" data-element_type=\"widget\" data-e-type=\"widget\" data-widget_type=\"button.default\">\n\t\t\t\t<div class=\"elementor-widget-container\">\n\t\t\t\t\t\t\t\t\t<div class=\"elementor-button-wrapper\">\n\t\t\t\t\t<a class=\"elementor-button elementor-button-link elementor-size-lg\" href=\"https:\/\/mariaimaculada.com.br\/index.php\/contato\/\">\n\t\t\t\t\t\t<span class=\"elementor-button-content-wrapper\">\n\t\t\t\t\t\t\t\t\t<span class=\"elementor-button-text\">Entre em contato<\/span>\n\t\t\t\t\t<\/span>\n\t\t\t\t\t<\/a>\n\t\t\t\t<\/div>\n\t\t\t\t\t\t\t\t<\/div>\n\t\t\t\t<\/div>\n\t\t\t\t\t<\/div>\n\t\t\t\t<\/div>\n\t\t\t\t<\/div>\n\t\t\t\t<\/div>\n\t\t\t\t<\/div>\n\t\t\t\t\t\t<\/div>\n\t\t\t\t<\/div>\n\t\t\t\t<\/div>\n\t\t\t\t<\/div>\n\t\t","protected":false},"excerpt":{"rendered":"<p>Ensino Fundamental II Home Ensino Ensino Fundamental II Ensino Fundamental II \/Anos Finais Os anos finais do Ensino Fundamental oportunizam o aprofundamento e a amplia\u00e7\u00e3o de repert\u00f3rios. Visam fortalecer a&#8230;  <a class=\"excerpt-read-more\" href=\"https:\/\/mariaimaculada.com.br\/index.php\/ensino-fundamental-ii\/\" title=\"Read Ensino Fundamental II\">Leia mais &raquo;<\/a><\/p>\n","protected":false},"author":1,"featured_media":0,"parent":0,"menu_order":0,"comment_status":"closed","ping_status":"closed","template":"","meta":{"_acf_changed":false,"_price":"","_stock":"","_tribe_ticket_header":"","_tribe_default_ticket_provider":"","_ticket_start_date":"","_ticket_end_date":"","_tribe_ticket_show_description":"","_tribe_ticket_show_not_going":false,"_tribe_ticket_use_global_stock":"","_tribe_ticket_global_stock_level":"","_global_stock_mode":"","_global_stock_cap":"","_tribe_rsvp_for_event":"","_tribe_ticket_going_count":"","_tribe_ticket_not_going_count":"","_tribe_tickets_list":"[]","_tribe_ticket_has_attendee_info_fields":false,"footnotes":"","_tec_slr_enabled":"","_tec_slr_layout":""},"class_list":["post-2826","page","type-page","status-publish","hentry"],"acf":[],"yoast_head":"<!-- This site is optimized with the Yoast SEO plugin v27.0 - https:\/\/yoast.com\/product\/yoast-seo-wordpress\/ -->\n<title>Ensino Fundamental II - Col\u00e9gio Maria Imaculada<\/title>\n<meta name=\"robots\" content=\"index, follow, max-snippet:-1, max-image-preview:large, max-video-preview:-1\" \/>\n<link rel=\"canonical\" href=\"https:\/\/mariaimaculada.com.br\/index.php\/ensino-fundamental-ii\/\" \/>\n<meta property=\"og:locale\" content=\"pt_BR\" \/>\n<meta property=\"og:type\" content=\"article\" \/>\n<meta property=\"og:title\" content=\"Ensino Fundamental II - Col\u00e9gio Maria Imaculada\" \/>\n<meta property=\"og:description\" content=\"Ensino Fundamental II Home Ensino Ensino Fundamental II Ensino Fundamental II \/Anos Finais Os anos finais do Ensino Fundamental oportunizam o aprofundamento e a amplia\u00e7\u00e3o de repert\u00f3rios. Visam fortalecer a... Leia mais &raquo;\" \/>\n<meta property=\"og:url\" content=\"https:\/\/mariaimaculada.com.br\/index.php\/ensino-fundamental-ii\/\" \/>\n<meta property=\"og:site_name\" content=\"Col\u00e9gio Maria Imaculada\" \/>\n<meta property=\"article:modified_time\" content=\"2025-01-14T16:45:16+00:00\" \/>\n<meta property=\"og:image\" content=\"https:\/\/mariaimaculada.com.br\/wp-content\/uploads\/2024\/04\/risco-1.png\" \/>\n<meta name=\"twitter:card\" content=\"summary_large_image\" \/>\n<meta name=\"twitter:label1\" content=\"Est. tempo de leitura\" \/>\n\t<meta name=\"twitter:data1\" content=\"2 minutos\" \/>\n<script type=\"application\/ld+json\" class=\"yoast-schema-graph\">{\"@context\":\"https:\/\/schema.org\",\"@graph\":[{\"@type\":\"WebPage\",\"@id\":\"https:\/\/mariaimaculada.com.br\/index.php\/ensino-fundamental-ii\/\",\"url\":\"https:\/\/mariaimaculada.com.br\/index.php\/ensino-fundamental-ii\/\",\"name\":\"Ensino Fundamental II - Col\u00e9gio Maria Imaculada\",\"isPartOf\":{\"@id\":\"https:\/\/mariaimaculada.com.br\/#website\"},\"primaryImageOfPage\":{\"@id\":\"https:\/\/mariaimaculada.com.br\/index.php\/ensino-fundamental-ii\/#primaryimage\"},\"image\":{\"@id\":\"https:\/\/mariaimaculada.com.br\/index.php\/ensino-fundamental-ii\/#primaryimage\"},\"thumbnailUrl\":\"https:\/\/mariaimaculada.com.br\/wp-content\/uploads\/2024\/04\/risco-1.png\",\"datePublished\":\"2024-04-29T14:34:40+00:00\",\"dateModified\":\"2025-01-14T16:45:16+00:00\",\"breadcrumb\":{\"@id\":\"https:\/\/mariaimaculada.com.br\/index.php\/ensino-fundamental-ii\/#breadcrumb\"},\"inLanguage\":\"pt-BR\",\"potentialAction\":[{\"@type\":\"ReadAction\",\"target\":[\"https:\/\/mariaimaculada.com.br\/index.php\/ensino-fundamental-ii\/\"]}]},{\"@type\":\"ImageObject\",\"inLanguage\":\"pt-BR\",\"@id\":\"https:\/\/mariaimaculada.com.br\/index.php\/ensino-fundamental-ii\/#primaryimage\",\"url\":\"https:\/\/mariaimaculada.com.br\/wp-content\/uploads\/2024\/04\/risco-1.png\",\"contentUrl\":\"https:\/\/mariaimaculada.com.br\/wp-content\/uploads\/2024\/04\/risco-1.png\",\"width\":588,\"height\":18},{\"@type\":\"BreadcrumbList\",\"@id\":\"https:\/\/mariaimaculada.com.br\/index.php\/ensino-fundamental-ii\/#breadcrumb\",\"itemListElement\":[{\"@type\":\"ListItem\",\"position\":1,\"name\":\"In\u00edcio\",\"item\":\"https:\/\/mariaimaculada.com.br\/\"},{\"@type\":\"ListItem\",\"position\":2,\"name\":\"Ensino Fundamental II\"}]},{\"@type\":\"WebSite\",\"@id\":\"https:\/\/mariaimaculada.com.br\/#website\",\"url\":\"https:\/\/mariaimaculada.com.br\/\",\"name\":\"Col\u00e9gio Maria Imaculada\",\"description\":\"Col\u00e9gio da Rede Franciscana Bernardina, localizado em Porto Alegre-RS na Avenida Padre Cacique 1028. O Col\u00e9gio atende desde a Educa\u00e7\u00e3o Infantil at\u00e9 o Ensino M\u00e9dio.\",\"publisher\":{\"@id\":\"https:\/\/mariaimaculada.com.br\/#organization\"},\"potentialAction\":[{\"@type\":\"SearchAction\",\"target\":{\"@type\":\"EntryPoint\",\"urlTemplate\":\"https:\/\/mariaimaculada.com.br\/?s={search_term_string}\"},\"query-input\":{\"@type\":\"PropertyValueSpecification\",\"valueRequired\":true,\"valueName\":\"search_term_string\"}}],\"inLanguage\":\"pt-BR\"},{\"@type\":\"Organization\",\"@id\":\"https:\/\/mariaimaculada.com.br\/#organization\",\"name\":\"Col\u00e9gio Maria Imaculada\",\"url\":\"https:\/\/mariaimaculada.com.br\/\",\"logo\":{\"@type\":\"ImageObject\",\"inLanguage\":\"pt-BR\",\"@id\":\"https:\/\/mariaimaculada.com.br\/#\/schema\/logo\/image\/\",\"url\":\"https:\/\/mariaimaculada.com.br\/wp-content\/uploads\/2023\/12\/maria-imaculada.png\",\"contentUrl\":\"https:\/\/mariaimaculada.com.br\/wp-content\/uploads\/2023\/12\/maria-imaculada.png\",\"width\":338,\"height\":84,\"caption\":\"Col\u00e9gio Maria Imaculada\"},\"image\":{\"@id\":\"https:\/\/mariaimaculada.com.br\/#\/schema\/logo\/image\/\"}}]}<\/script>\n<!-- \/ Yoast SEO plugin. -->","yoast_head_json":{"title":"Ensino Fundamental II - Col\u00e9gio Maria Imaculada","robots":{"index":"index","follow":"follow","max-snippet":"max-snippet:-1","max-image-preview":"max-image-preview:large","max-video-preview":"max-video-preview:-1"},"canonical":"https:\/\/mariaimaculada.com.br\/index.php\/ensino-fundamental-ii\/","og_locale":"pt_BR","og_type":"article","og_title":"Ensino Fundamental II - Col\u00e9gio Maria Imaculada","og_description":"Ensino Fundamental II Home Ensino Ensino Fundamental II Ensino Fundamental II \/Anos Finais Os anos finais do Ensino Fundamental oportunizam o aprofundamento e a amplia\u00e7\u00e3o de repert\u00f3rios. Visam fortalecer a... Leia mais &raquo;","og_url":"https:\/\/mariaimaculada.com.br\/index.php\/ensino-fundamental-ii\/","og_site_name":"Col\u00e9gio Maria Imaculada","article_modified_time":"2025-01-14T16:45:16+00:00","og_image":[{"url":"https:\/\/mariaimaculada.com.br\/wp-content\/uploads\/2024\/04\/risco-1.png","type":"","width":"","height":""}],"twitter_card":"summary_large_image","twitter_misc":{"Est. tempo de leitura":"2 minutos"},"schema":{"@context":"https:\/\/schema.org","@graph":[{"@type":"WebPage","@id":"https:\/\/mariaimaculada.com.br\/index.php\/ensino-fundamental-ii\/","url":"https:\/\/mariaimaculada.com.br\/index.php\/ensino-fundamental-ii\/","name":"Ensino Fundamental II - Col\u00e9gio Maria Imaculada","isPartOf":{"@id":"https:\/\/mariaimaculada.com.br\/#website"},"primaryImageOfPage":{"@id":"https:\/\/mariaimaculada.com.br\/index.php\/ensino-fundamental-ii\/#primaryimage"},"image":{"@id":"https:\/\/mariaimaculada.com.br\/index.php\/ensino-fundamental-ii\/#primaryimage"},"thumbnailUrl":"https:\/\/mariaimaculada.com.br\/wp-content\/uploads\/2024\/04\/risco-1.png","datePublished":"2024-04-29T14:34:40+00:00","dateModified":"2025-01-14T16:45:16+00:00","breadcrumb":{"@id":"https:\/\/mariaimaculada.com.br\/index.php\/ensino-fundamental-ii\/#breadcrumb"},"inLanguage":"pt-BR","potentialAction":[{"@type":"ReadAction","target":["https:\/\/mariaimaculada.com.br\/index.php\/ensino-fundamental-ii\/"]}]},{"@type":"ImageObject","inLanguage":"pt-BR","@id":"https:\/\/mariaimaculada.com.br\/index.php\/ensino-fundamental-ii\/#primaryimage","url":"https:\/\/mariaimaculada.com.br\/wp-content\/uploads\/2024\/04\/risco-1.png","contentUrl":"https:\/\/mariaimaculada.com.br\/wp-content\/uploads\/2024\/04\/risco-1.png","width":588,"height":18},{"@type":"BreadcrumbList","@id":"https:\/\/mariaimaculada.com.br\/index.php\/ensino-fundamental-ii\/#breadcrumb","itemListElement":[{"@type":"ListItem","position":1,"name":"In\u00edcio","item":"https:\/\/mariaimaculada.com.br\/"},{"@type":"ListItem","position":2,"name":"Ensino Fundamental II"}]},{"@type":"WebSite","@id":"https:\/\/mariaimaculada.com.br\/#website","url":"https:\/\/mariaimaculada.com.br\/","name":"Col\u00e9gio Maria Imaculada","description":"Col\u00e9gio da Rede Franciscana Bernardina, localizado em Porto Alegre-RS na Avenida Padre Cacique 1028. O Col\u00e9gio atende desde a Educa\u00e7\u00e3o Infantil at\u00e9 o Ensino M\u00e9dio.","publisher":{"@id":"https:\/\/mariaimaculada.com.br\/#organization"},"potentialAction":[{"@type":"SearchAction","target":{"@type":"EntryPoint","urlTemplate":"https:\/\/mariaimaculada.com.br\/?s={search_term_string}"},"query-input":{"@type":"PropertyValueSpecification","valueRequired":true,"valueName":"search_term_string"}}],"inLanguage":"pt-BR"},{"@type":"Organization","@id":"https:\/\/mariaimaculada.com.br\/#organization","name":"Col\u00e9gio Maria Imaculada","url":"https:\/\/mariaimaculada.com.br\/","logo":{"@type":"ImageObject","inLanguage":"pt-BR","@id":"https:\/\/mariaimaculada.com.br\/#\/schema\/logo\/image\/","url":"https:\/\/mariaimaculada.com.br\/wp-content\/uploads\/2023\/12\/maria-imaculada.png","contentUrl":"https:\/\/mariaimaculada.com.br\/wp-content\/uploads\/2023\/12\/maria-imaculada.png","width":338,"height":84,"caption":"Col\u00e9gio Maria Imaculada"},"image":{"@id":"https:\/\/mariaimaculada.com.br\/#\/schema\/logo\/image\/"}}]}},"ticketed":false,"_links":{"self":[{"href":"https:\/\/mariaimaculada.com.br\/index.php\/wp-json\/wp\/v2\/pages\/2826","targetHints":{"allow":["GET"]}}],"collection":[{"href":"https:\/\/mariaimaculada.com.br\/index.php\/wp-json\/wp\/v2\/pages"}],"about":[{"href":"https:\/\/mariaimaculada.com.br\/index.php\/wp-json\/wp\/v2\/types\/page"}],"author":[{"embeddable":true,"href":"https:\/\/mariaimaculada.com.br\/index.php\/wp-json\/wp\/v2\/users\/1"}],"replies":[{"embeddable":true,"href":"https:\/\/mariaimaculada.com.br\/index.php\/wp-json\/wp\/v2\/comments?post=2826"}],"version-history":[{"count":3,"href":"https:\/\/mariaimaculada.com.br\/index.php\/wp-json\/wp\/v2\/pages\/2826\/revisions"}],"predecessor-version":[{"id":5455,"href":"https:\/\/mariaimaculada.com.br\/index.php\/wp-json\/wp\/v2\/pages\/2826\/revisions\/5455"}],"wp:attachment":[{"href":"https:\/\/mariaimaculada.com.br\/index.php\/wp-json\/wp\/v2\/media?parent=2826"}],"curies":[{"name":"wp","href":"https:\/\/api.w.org\/{rel}","templated":true}]}}