{"id":3374,"date":"2024-06-30T19:37:18","date_gmt":"2024-06-30T22:37:18","guid":{"rendered":"https:\/\/mariaimaculada.com.br\/?page_id=3374"},"modified":"2024-08-09T09:49:26","modified_gmt":"2024-08-09T12:49:26","slug":"maria-imaculada-2","status":"publish","type":"page","link":"https:\/\/mariaimaculada.com.br\/index.php\/maria-imaculada-2\/","title":{"rendered":"Rede Franciscana Bernardina"},"content":{"rendered":"\t\t<div data-elementor-type=\"wp-page\" data-elementor-id=\"3374\" class=\"elementor elementor-3374\" data-elementor-post-type=\"page\">\n\t\t\t\t<div class=\"elementor-element elementor-element-e30f9b8 e-con-full e-flex e-con e-parent\" data-id=\"e30f9b8\" data-element_type=\"container\" data-e-type=\"container\" data-settings=\"{&quot;background_background&quot;:&quot;classic&quot;}\">\n\t\t<div class=\"elementor-element elementor-element-cc80b2d e-flex e-con-boxed e-con e-child\" data-id=\"cc80b2d\" data-element_type=\"container\" data-e-type=\"container\">\n\t\t\t\t\t<div class=\"e-con-inner\">\n\t\t<div class=\"elementor-element elementor-element-4e64619 e-con-full e-flex e-con e-child\" data-id=\"4e64619\" data-element_type=\"container\" data-e-type=\"container\">\n\t\t\t\t<div class=\"elementor-element elementor-element-4ce89a9 elementor-widget elementor-widget-heading\" data-id=\"4ce89a9\" data-element_type=\"widget\" data-e-type=\"widget\" data-widget_type=\"heading.default\">\n\t\t\t\t<div class=\"elementor-widget-container\">\n\t\t\t\t\t<h1 class=\"elementor-heading-title elementor-size-default\">Rede Franciscana Bernardina<\/h1>\t\t\t\t<\/div>\n\t\t\t\t<\/div>\n\t\t\t\t<\/div>\n\t\t<div class=\"elementor-element elementor-element-e8bbdfe e-con-full e-flex e-con e-child\" data-id=\"e8bbdfe\" data-element_type=\"container\" data-e-type=\"container\">\n\t\t<div class=\"elementor-element elementor-element-a96a9e0 e-con-full e-flex e-con e-child\" data-id=\"a96a9e0\" data-element_type=\"container\" data-e-type=\"container\">\n\t\t\t\t<div class=\"elementor-element elementor-element-7aaa9a7 elementor-widget elementor-widget-heading\" data-id=\"7aaa9a7\" data-element_type=\"widget\" data-e-type=\"widget\" data-widget_type=\"heading.default\">\n\t\t\t\t<div class=\"elementor-widget-container\">\n\t\t\t\t\t<span class=\"elementor-heading-title elementor-size-default\"><a href=\"https:\/\/mariaimaculada.com.br\/\">Home<\/a><\/span>\t\t\t\t<\/div>\n\t\t\t\t<\/div>\n\t\t\t\t<div class=\"elementor-element elementor-element-9b15609 elementor-widget elementor-widget-heading\" data-id=\"9b15609\" data-element_type=\"widget\" data-e-type=\"widget\" data-widget_type=\"heading.default\">\n\t\t\t\t<div class=\"elementor-widget-container\">\n\t\t\t\t\t<span class=\"elementor-heading-title elementor-size-default\"><a href=\"#\">O Col\u00e9gio<\/a><\/span>\t\t\t\t<\/div>\n\t\t\t\t<\/div>\n\t\t\t\t<div class=\"elementor-element elementor-element-092657d elementor-widget elementor-widget-heading\" data-id=\"092657d\" data-element_type=\"widget\" data-e-type=\"widget\" data-widget_type=\"heading.default\">\n\t\t\t\t<div class=\"elementor-widget-container\">\n\t\t\t\t\t<span class=\"elementor-heading-title elementor-size-default\"><a href=\"https:\/\/mariaimaculada.com.br\/index.php\/maria-imaculada\/\">Rede Franciscana Bernardina<\/a><\/span>\t\t\t\t<\/div>\n\t\t\t\t<\/div>\n\t\t\t\t<\/div>\n\t\t\t\t<\/div>\n\t\t\t\t\t<\/div>\n\t\t\t\t<\/div>\n\t\t\t\t<\/div>\n\t\t<div class=\"elementor-element elementor-element-7e29cf5 e-flex e-con-boxed e-con e-parent\" data-id=\"7e29cf5\" data-element_type=\"container\" data-e-type=\"container\">\n\t\t\t\t\t<div class=\"e-con-inner\">\n\t\t\t\t<div class=\"elementor-element elementor-element-26d78e3 elementor-widget elementor-widget-spacer\" data-id=\"26d78e3\" data-element_type=\"widget\" data-e-type=\"widget\" data-widget_type=\"spacer.default\">\n\t\t\t\t<div class=\"elementor-widget-container\">\n\t\t\t\t\t\t\t<div class=\"elementor-spacer\">\n\t\t\t<div class=\"elementor-spacer-inner\"><\/div>\n\t\t<\/div>\n\t\t\t\t\t\t<\/div>\n\t\t\t\t<\/div>\n\t\t\t\t\t<\/div>\n\t\t\t\t<\/div>\n\t\t<div class=\"elementor-element elementor-element-5773499 e-flex e-con-boxed e-con e-parent\" data-id=\"5773499\" data-element_type=\"container\" data-e-type=\"container\">\n\t\t\t\t\t<div class=\"e-con-inner\">\n\t\t<div class=\"elementor-element elementor-element-1a443d9 e-flex e-con-boxed e-con e-child\" data-id=\"1a443d9\" data-element_type=\"container\" data-e-type=\"container\" data-settings=\"{&quot;background_background&quot;:&quot;classic&quot;}\">\n\t\t\t\t\t<div class=\"e-con-inner\">\n\t\t\t\t<div class=\"elementor-element elementor-element-e3365b6 elementor-widget elementor-widget-heading\" data-id=\"e3365b6\" data-element_type=\"widget\" data-e-type=\"widget\" data-widget_type=\"heading.default\">\n\t\t\t\t<div class=\"elementor-widget-container\">\n\t\t\t\t\t<p class=\"elementor-heading-title elementor-size-default\">A Rede Franciscana Bernardina \u00e9 Mantida pela Congrega\u00e7\u00e3o das Irm\u00e3s Franciscanas Bernardinas. A sede geral da Congrega\u00e7\u00e3o est\u00e1 situada nos Estados Unidos e a sede provincial em Porto Alegre, Rio Grande do Sul, Brasil. A Rede, no Brasil, \u00e9 formada por escolas e projetos sociais. Seu objetivo \u00e9 proporcionar a integra\u00e7\u00e3o e forma\u00e7\u00e3o continuada, pessoal e profissional, dos colaboradores das diferentes unidades. Prop\u00f5e-se tamb\u00e9m a garantir e aprofundar a Proposta Educacional Franciscana Bernardina.<br><br>Para saber mais acesse: https:\/\/www.bfranciscan.org\/<\/p>\t\t\t\t<\/div>\n\t\t\t\t<\/div>\n\t\t\t\t\t<\/div>\n\t\t\t\t<\/div>\n\t\t\t\t\t<\/div>\n\t\t\t\t<\/div>\n\t\t<div class=\"elementor-element elementor-element-edb74c9 e-flex e-con-boxed e-con e-parent\" data-id=\"edb74c9\" data-element_type=\"container\" data-e-type=\"container\">\n\t\t\t\t\t<div class=\"e-con-inner\">\n\t\t\t\t<div class=\"elementor-element elementor-element-4bde9b6 elementor-align-center elementor-mobile-align-justify elementor-widget elementor-widget-button\" data-id=\"4bde9b6\" data-element_type=\"widget\" data-e-type=\"widget\" data-widget_type=\"button.default\">\n\t\t\t\t<div class=\"elementor-widget-container\">\n\t\t\t\t\t\t\t\t\t<div class=\"elementor-button-wrapper\">\n\t\t\t\t\t<a class=\"elementor-button elementor-button-link elementor-size-lg\" href=\"https:\/\/mariaimaculada.com.br\/index.php\/contato\/\">\n\t\t\t\t\t\t<span class=\"elementor-button-content-wrapper\">\n\t\t\t\t\t\t\t\t\t<span class=\"elementor-button-text\">FALE CONOSCO<\/span>\n\t\t\t\t\t<\/span>\n\t\t\t\t\t<\/a>\n\t\t\t\t<\/div>\n\t\t\t\t\t\t\t\t<\/div>\n\t\t\t\t<\/div>\n\t\t\t\t\t<\/div>\n\t\t\t\t<\/div>\n\t\t\t\t<\/div>\n\t\t","protected":false},"excerpt":{"rendered":"<p>Rede Franciscana Bernardina Home O Col\u00e9gio Rede Franciscana Bernardina A Rede Franciscana Bernardina \u00e9 Mantida pela Congrega\u00e7\u00e3o das Irm\u00e3s Franciscanas Bernardinas. A sede geral da Congrega\u00e7\u00e3o est\u00e1 situada nos Estados&#8230;  <a class=\"excerpt-read-more\" href=\"https:\/\/mariaimaculada.com.br\/index.php\/maria-imaculada-2\/\" title=\"Read Rede Franciscana Bernardina\">Leia mais &raquo;<\/a><\/p>\n","protected":false},"author":4,"featured_media":0,"parent":0,"menu_order":0,"comment_status":"closed","ping_status":"closed","template":"","meta":{"_acf_changed":false,"_price":"","_stock":"","_tribe_ticket_header":"","_tribe_default_ticket_provider":"","_ticket_start_date":"","_ticket_end_date":"","_tribe_ticket_show_description":"","_tribe_ticket_show_not_going":false,"_tribe_ticket_use_global_stock":"","_tribe_ticket_global_stock_level":"","_global_stock_mode":"","_global_stock_cap":"","_tribe_rsvp_for_event":"","_tribe_ticket_going_count":"","_tribe_ticket_not_going_count":"","_tribe_tickets_list":"[]","_tribe_ticket_has_attendee_info_fields":false,"footnotes":"","_tec_slr_enabled":"","_tec_slr_layout":""},"class_list":["post-3374","page","type-page","status-publish","hentry"],"acf":[],"yoast_head":"<!-- This site is optimized with the Yoast SEO plugin v27.0 - https:\/\/yoast.com\/product\/yoast-seo-wordpress\/ -->\n<title>Rede Franciscana Bernardina - Col\u00e9gio Maria Imaculada<\/title>\n<meta name=\"robots\" content=\"index, follow, max-snippet:-1, max-image-preview:large, max-video-preview:-1\" \/>\n<link rel=\"canonical\" href=\"https:\/\/mariaimaculada.com.br\/index.php\/maria-imaculada-2\/\" \/>\n<meta property=\"og:locale\" content=\"pt_BR\" \/>\n<meta property=\"og:type\" content=\"article\" \/>\n<meta property=\"og:title\" content=\"Rede Franciscana Bernardina - Col\u00e9gio Maria Imaculada\" \/>\n<meta property=\"og:description\" content=\"Rede Franciscana Bernardina Home O Col\u00e9gio Rede Franciscana Bernardina A Rede Franciscana Bernardina \u00e9 Mantida pela Congrega\u00e7\u00e3o das Irm\u00e3s Franciscanas Bernardinas. A sede geral da Congrega\u00e7\u00e3o est\u00e1 situada nos Estados... Leia mais &raquo;\" \/>\n<meta property=\"og:url\" content=\"https:\/\/mariaimaculada.com.br\/index.php\/maria-imaculada-2\/\" \/>\n<meta property=\"og:site_name\" content=\"Col\u00e9gio Maria Imaculada\" \/>\n<meta property=\"article:modified_time\" content=\"2024-08-09T12:49:26+00:00\" \/>\n<meta name=\"twitter:card\" content=\"summary_large_image\" \/>\n<script type=\"application\/ld+json\" class=\"yoast-schema-graph\">{\"@context\":\"https:\/\/schema.org\",\"@graph\":[{\"@type\":\"WebPage\",\"@id\":\"https:\/\/mariaimaculada.com.br\/index.php\/maria-imaculada-2\/\",\"url\":\"https:\/\/mariaimaculada.com.br\/index.php\/maria-imaculada-2\/\",\"name\":\"Rede Franciscana Bernardina - Col\u00e9gio Maria Imaculada\",\"isPartOf\":{\"@id\":\"https:\/\/mariaimaculada.com.br\/#website\"},\"datePublished\":\"2024-06-30T22:37:18+00:00\",\"dateModified\":\"2024-08-09T12:49:26+00:00\",\"breadcrumb\":{\"@id\":\"https:\/\/mariaimaculada.com.br\/index.php\/maria-imaculada-2\/#breadcrumb\"},\"inLanguage\":\"pt-BR\",\"potentialAction\":[{\"@type\":\"ReadAction\",\"target\":[\"https:\/\/mariaimaculada.com.br\/index.php\/maria-imaculada-2\/\"]}]},{\"@type\":\"BreadcrumbList\",\"@id\":\"https:\/\/mariaimaculada.com.br\/index.php\/maria-imaculada-2\/#breadcrumb\",\"itemListElement\":[{\"@type\":\"ListItem\",\"position\":1,\"name\":\"In\u00edcio\",\"item\":\"https:\/\/mariaimaculada.com.br\/\"},{\"@type\":\"ListItem\",\"position\":2,\"name\":\"Rede Franciscana Bernardina\"}]},{\"@type\":\"WebSite\",\"@id\":\"https:\/\/mariaimaculada.com.br\/#website\",\"url\":\"https:\/\/mariaimaculada.com.br\/\",\"name\":\"Col\u00e9gio Maria Imaculada\",\"description\":\"Col\u00e9gio da Rede Franciscana Bernardina, localizado em Porto Alegre-RS na Avenida Padre Cacique 1028. O Col\u00e9gio atende desde a Educa\u00e7\u00e3o Infantil at\u00e9 o Ensino M\u00e9dio.\",\"publisher\":{\"@id\":\"https:\/\/mariaimaculada.com.br\/#organization\"},\"potentialAction\":[{\"@type\":\"SearchAction\",\"target\":{\"@type\":\"EntryPoint\",\"urlTemplate\":\"https:\/\/mariaimaculada.com.br\/?s={search_term_string}\"},\"query-input\":{\"@type\":\"PropertyValueSpecification\",\"valueRequired\":true,\"valueName\":\"search_term_string\"}}],\"inLanguage\":\"pt-BR\"},{\"@type\":\"Organization\",\"@id\":\"https:\/\/mariaimaculada.com.br\/#organization\",\"name\":\"Col\u00e9gio Maria Imaculada\",\"url\":\"https:\/\/mariaimaculada.com.br\/\",\"logo\":{\"@type\":\"ImageObject\",\"inLanguage\":\"pt-BR\",\"@id\":\"https:\/\/mariaimaculada.com.br\/#\/schema\/logo\/image\/\",\"url\":\"https:\/\/mariaimaculada.com.br\/wp-content\/uploads\/2023\/12\/maria-imaculada.png\",\"contentUrl\":\"https:\/\/mariaimaculada.com.br\/wp-content\/uploads\/2023\/12\/maria-imaculada.png\",\"width\":338,\"height\":84,\"caption\":\"Col\u00e9gio Maria Imaculada\"},\"image\":{\"@id\":\"https:\/\/mariaimaculada.com.br\/#\/schema\/logo\/image\/\"}}]}<\/script>\n<!-- \/ Yoast SEO plugin. -->","yoast_head_json":{"title":"Rede Franciscana Bernardina - Col\u00e9gio Maria Imaculada","robots":{"index":"index","follow":"follow","max-snippet":"max-snippet:-1","max-image-preview":"max-image-preview:large","max-video-preview":"max-video-preview:-1"},"canonical":"https:\/\/mariaimaculada.com.br\/index.php\/maria-imaculada-2\/","og_locale":"pt_BR","og_type":"article","og_title":"Rede Franciscana Bernardina - Col\u00e9gio Maria Imaculada","og_description":"Rede Franciscana Bernardina Home O Col\u00e9gio Rede Franciscana Bernardina A Rede Franciscana Bernardina \u00e9 Mantida pela Congrega\u00e7\u00e3o das Irm\u00e3s Franciscanas Bernardinas. A sede geral da Congrega\u00e7\u00e3o est\u00e1 situada nos Estados... Leia mais &raquo;","og_url":"https:\/\/mariaimaculada.com.br\/index.php\/maria-imaculada-2\/","og_site_name":"Col\u00e9gio Maria Imaculada","article_modified_time":"2024-08-09T12:49:26+00:00","twitter_card":"summary_large_image","schema":{"@context":"https:\/\/schema.org","@graph":[{"@type":"WebPage","@id":"https:\/\/mariaimaculada.com.br\/index.php\/maria-imaculada-2\/","url":"https:\/\/mariaimaculada.com.br\/index.php\/maria-imaculada-2\/","name":"Rede Franciscana Bernardina - Col\u00e9gio Maria Imaculada","isPartOf":{"@id":"https:\/\/mariaimaculada.com.br\/#website"},"datePublished":"2024-06-30T22:37:18+00:00","dateModified":"2024-08-09T12:49:26+00:00","breadcrumb":{"@id":"https:\/\/mariaimaculada.com.br\/index.php\/maria-imaculada-2\/#breadcrumb"},"inLanguage":"pt-BR","potentialAction":[{"@type":"ReadAction","target":["https:\/\/mariaimaculada.com.br\/index.php\/maria-imaculada-2\/"]}]},{"@type":"BreadcrumbList","@id":"https:\/\/mariaimaculada.com.br\/index.php\/maria-imaculada-2\/#breadcrumb","itemListElement":[{"@type":"ListItem","position":1,"name":"In\u00edcio","item":"https:\/\/mariaimaculada.com.br\/"},{"@type":"ListItem","position":2,"name":"Rede Franciscana Bernardina"}]},{"@type":"WebSite","@id":"https:\/\/mariaimaculada.com.br\/#website","url":"https:\/\/mariaimaculada.com.br\/","name":"Col\u00e9gio Maria Imaculada","description":"Col\u00e9gio da Rede Franciscana Bernardina, localizado em Porto Alegre-RS na Avenida Padre Cacique 1028. O Col\u00e9gio atende desde a Educa\u00e7\u00e3o Infantil at\u00e9 o Ensino M\u00e9dio.","publisher":{"@id":"https:\/\/mariaimaculada.com.br\/#organization"},"potentialAction":[{"@type":"SearchAction","target":{"@type":"EntryPoint","urlTemplate":"https:\/\/mariaimaculada.com.br\/?s={search_term_string}"},"query-input":{"@type":"PropertyValueSpecification","valueRequired":true,"valueName":"search_term_string"}}],"inLanguage":"pt-BR"},{"@type":"Organization","@id":"https:\/\/mariaimaculada.com.br\/#organization","name":"Col\u00e9gio Maria Imaculada","url":"https:\/\/mariaimaculada.com.br\/","logo":{"@type":"ImageObject","inLanguage":"pt-BR","@id":"https:\/\/mariaimaculada.com.br\/#\/schema\/logo\/image\/","url":"https:\/\/mariaimaculada.com.br\/wp-content\/uploads\/2023\/12\/maria-imaculada.png","contentUrl":"https:\/\/mariaimaculada.com.br\/wp-content\/uploads\/2023\/12\/maria-imaculada.png","width":338,"height":84,"caption":"Col\u00e9gio Maria Imaculada"},"image":{"@id":"https:\/\/mariaimaculada.com.br\/#\/schema\/logo\/image\/"}}]}},"ticketed":false,"_links":{"self":[{"href":"https:\/\/mariaimaculada.com.br\/index.php\/wp-json\/wp\/v2\/pages\/3374","targetHints":{"allow":["GET"]}}],"collection":[{"href":"https:\/\/mariaimaculada.com.br\/index.php\/wp-json\/wp\/v2\/pages"}],"about":[{"href":"https:\/\/mariaimaculada.com.br\/index.php\/wp-json\/wp\/v2\/types\/page"}],"author":[{"embeddable":true,"href":"https:\/\/mariaimaculada.com.br\/index.php\/wp-json\/wp\/v2\/users\/4"}],"replies":[{"embeddable":true,"href":"https:\/\/mariaimaculada.com.br\/index.php\/wp-json\/wp\/v2\/comments?post=3374"}],"version-history":[{"count":0,"href":"https:\/\/mariaimaculada.com.br\/index.php\/wp-json\/wp\/v2\/pages\/3374\/revisions"}],"wp:attachment":[{"href":"https:\/\/mariaimaculada.com.br\/index.php\/wp-json\/wp\/v2\/media?parent=3374"}],"curies":[{"name":"wp","href":"https:\/\/api.w.org\/{rel}","templated":true}]}}