{"id":587,"date":"2024-01-03T18:32:20","date_gmt":"2024-01-03T21:32:20","guid":{"rendered":"https:\/\/mariaimaculada.com.br\/\/?page_id=587"},"modified":"2024-08-12T07:50:01","modified_gmt":"2024-08-12T10:50:01","slug":"clube-relacoes-internacionais","status":"publish","type":"page","link":"https:\/\/mariaimaculada.com.br\/index.php\/clube-relacoes-internacionais\/","title":{"rendered":"Clube Rela\u00e7\u00f5es Internacionais"},"content":{"rendered":"\t\t<div data-elementor-type=\"wp-page\" data-elementor-id=\"587\" class=\"elementor elementor-587\" data-elementor-post-type=\"page\">\n\t\t\t\t<div class=\"elementor-element elementor-element-faf6101 e-con-full e-flex e-con e-parent\" data-id=\"faf6101\" data-element_type=\"container\" data-e-type=\"container\" data-settings=\"{&quot;background_background&quot;:&quot;classic&quot;}\">\n\t\t<div class=\"elementor-element elementor-element-b69d181 e-flex e-con-boxed e-con e-child\" data-id=\"b69d181\" data-element_type=\"container\" data-e-type=\"container\">\n\t\t\t\t\t<div class=\"e-con-inner\">\n\t\t<div class=\"elementor-element elementor-element-3457e2f e-con-full e-flex e-con e-child\" data-id=\"3457e2f\" data-element_type=\"container\" data-e-type=\"container\">\n\t\t\t\t<div class=\"elementor-element elementor-element-69ae67d elementor-widget elementor-widget-heading\" data-id=\"69ae67d\" data-element_type=\"widget\" data-e-type=\"widget\" data-widget_type=\"heading.default\">\n\t\t\t\t<div class=\"elementor-widget-container\">\n\t\t\t\t\t<h1 class=\"elementor-heading-title elementor-size-default\">Clube Rela\u00e7\u00f5es Internacionais<\/h1>\t\t\t\t<\/div>\n\t\t\t\t<\/div>\n\t\t\t\t<\/div>\n\t\t<div class=\"elementor-element elementor-element-9c85c78 e-con-full e-flex e-con e-child\" data-id=\"9c85c78\" data-element_type=\"container\" data-e-type=\"container\">\n\t\t<div class=\"elementor-element elementor-element-2b5eabb e-con-full e-flex e-con e-child\" data-id=\"2b5eabb\" data-element_type=\"container\" data-e-type=\"container\">\n\t\t\t\t<div class=\"elementor-element elementor-element-470589e elementor-widget elementor-widget-heading\" data-id=\"470589e\" data-element_type=\"widget\" data-e-type=\"widget\" data-widget_type=\"heading.default\">\n\t\t\t\t<div class=\"elementor-widget-container\">\n\t\t\t\t\t<span class=\"elementor-heading-title elementor-size-default\"><a href=\"https:\/\/mariaimaculada.com.br\/\">Home<\/a><\/span>\t\t\t\t<\/div>\n\t\t\t\t<\/div>\n\t\t\t\t<div class=\"elementor-element elementor-element-502d727 elementor-widget elementor-widget-heading\" data-id=\"502d727\" data-element_type=\"widget\" data-e-type=\"widget\" data-widget_type=\"heading.default\">\n\t\t\t\t<div class=\"elementor-widget-container\">\n\t\t\t\t\t<span class=\"elementor-heading-title elementor-size-default\"><a href=\"#\">O Col\u00e9gio<\/a><\/span>\t\t\t\t<\/div>\n\t\t\t\t<\/div>\n\t\t\t\t<div class=\"elementor-element elementor-element-08e2c03 elementor-widget elementor-widget-heading\" data-id=\"08e2c03\" data-element_type=\"widget\" data-e-type=\"widget\" data-widget_type=\"heading.default\">\n\t\t\t\t<div class=\"elementor-widget-container\">\n\t\t\t\t\t<span class=\"elementor-heading-title elementor-size-default\"><a href=\"https:\/\/mariaimaculada.com.br\/index.php\/clube-relacoes-internacionais\/\">Clube Rela\u00e7\u00f5es Internacionais<\/a><\/span>\t\t\t\t<\/div>\n\t\t\t\t<\/div>\n\t\t\t\t<\/div>\n\t\t\t\t<\/div>\n\t\t\t\t\t<\/div>\n\t\t\t\t<\/div>\n\t\t\t\t<\/div>\n\t\t<div class=\"elementor-element elementor-element-61b0291 e-flex e-con-boxed e-con e-parent\" data-id=\"61b0291\" data-element_type=\"container\" data-e-type=\"container\">\n\t\t\t\t\t<div class=\"e-con-inner\">\n\t\t\t\t<div class=\"elementor-element elementor-element-ec4ade0 elementor-widget elementor-widget-heading\" data-id=\"ec4ade0\" data-element_type=\"widget\" data-e-type=\"widget\" data-widget_type=\"heading.default\">\n\t\t\t\t<div class=\"elementor-widget-container\">\n\t\t\t\t\t<h2 class=\"elementor-heading-title elementor-size-default\">Geopol\u00edtica \u00e9 papo s\u00e9rio!<\/h2>\t\t\t\t<\/div>\n\t\t\t\t<\/div>\n\t\t\t\t\t<\/div>\n\t\t\t\t<\/div>\n\t\t<div class=\"elementor-element elementor-element-17a58979 e-flex e-con-boxed e-con e-child\" data-id=\"17a58979\" data-element_type=\"container\" data-e-type=\"container\" data-settings=\"{&quot;background_background&quot;:&quot;classic&quot;}\">\n\t\t\t\t\t<div class=\"e-con-inner\">\n\t\t\t\t<div class=\"elementor-element elementor-element-43a40a21 elementor-widget elementor-widget-heading\" data-id=\"43a40a21\" data-element_type=\"widget\" data-e-type=\"widget\" data-widget_type=\"heading.default\">\n\t\t\t\t<div class=\"elementor-widget-container\">\n\t\t\t\t\t<p class=\"elementor-heading-title elementor-size-default\"><span style=\"font-size: 18px\">Nesta pr\u00e1tica extracurricular, os estudantes, a partir do 9\u00ba ano, vivenciam o funcionamento da Organiza\u00e7\u00e3o das Na\u00e7\u00f5es Unidas (ONU). Aprendem sobre sua estrutura interna das na\u00e7\u00f5es; pesquisam quest\u00f5es constitucionais, aspectos culturais, legisla\u00e7\u00e3o, pol\u00edtica e economia - ampliando seu repert\u00f3rio cultural.<\/span><br><span style=\"font-size: 18px\">\nAs compet\u00eancias de oralidade e do conhecimento aplicado s\u00e3o vitais nos novos modelos que transitam pelo ENEM e demais Vestibulares, cada vez mais transversais. A teoria de que a aplica\u00e7\u00e3o do saber \u00e9 a melhor forma de aprender, \u00e9 posta em pr\u00e1tica!<\/span><\/p>\t\t\t\t<\/div>\n\t\t\t\t<\/div>\n\t\t\t\t\t<\/div>\n\t\t\t\t<\/div>\n\t\t<div class=\"elementor-element elementor-element-0c13763 e-flex e-con-boxed e-con e-parent\" data-id=\"0c13763\" data-element_type=\"container\" data-e-type=\"container\">\n\t\t\t\t\t<div class=\"e-con-inner\">\n\t\t\t\t<div class=\"elementor-element elementor-element-927ce6a elementor-widget elementor-widget-image\" data-id=\"927ce6a\" data-element_type=\"widget\" data-e-type=\"widget\" data-widget_type=\"image.default\">\n\t\t\t\t<div class=\"elementor-widget-container\">\n\t\t\t\t\t\t\t\t\t\t\t\t\t\t\t<img fetchpriority=\"high\" decoding=\"async\" width=\"1080\" height=\"1080\" src=\"https:\/\/mariaimaculada.com.br\/wp-content\/uploads\/2024\/07\/cri.jpg\" class=\"attachment-full size-full wp-image-3408\" alt=\"Clube de rela\u00e7\u00f5es internacionais\" srcset=\"https:\/\/mariaimaculada.com.br\/wp-content\/uploads\/2024\/07\/cri.jpg 1080w, https:\/\/mariaimaculada.com.br\/wp-content\/uploads\/2024\/07\/cri-300x300.jpg 300w, https:\/\/mariaimaculada.com.br\/wp-content\/uploads\/2024\/07\/cri-1024x1024.jpg 1024w, https:\/\/mariaimaculada.com.br\/wp-content\/uploads\/2024\/07\/cri-150x150.jpg 150w, https:\/\/mariaimaculada.com.br\/wp-content\/uploads\/2024\/07\/cri-768x768.jpg 768w, https:\/\/mariaimaculada.com.br\/wp-content\/uploads\/2024\/07\/cri-125x125.jpg 125w\" sizes=\"(max-width: 1080px) 100vw, 1080px\" \/>\t\t\t\t\t\t\t\t\t\t\t\t\t\t\t<\/div>\n\t\t\t\t<\/div>\n\t\t\t\t\t<\/div>\n\t\t\t\t<\/div>\n\t\t\t\t<\/div>\n\t\t","protected":false},"excerpt":{"rendered":"<p>Clube Rela\u00e7\u00f5es Internacionais Home O Col\u00e9gio Clube Rela\u00e7\u00f5es Internacionais Geopol\u00edtica \u00e9 papo s\u00e9rio! Nesta pr\u00e1tica extracurricular, os estudantes, a partir do 9\u00ba ano, vivenciam o funcionamento da Organiza\u00e7\u00e3o das Na\u00e7\u00f5es&#8230;  <a class=\"excerpt-read-more\" href=\"https:\/\/mariaimaculada.com.br\/index.php\/clube-relacoes-internacionais\/\" title=\"Read Clube Rela\u00e7\u00f5es Internacionais\">Leia mais &raquo;<\/a><\/p>\n","protected":false},"author":1,"featured_media":0,"parent":0,"menu_order":0,"comment_status":"closed","ping_status":"closed","template":"","meta":{"_acf_changed":false,"_price":"","_stock":"","_tribe_ticket_header":"","_tribe_default_ticket_provider":"","_ticket_start_date":"","_ticket_end_date":"","_tribe_ticket_show_description":"","_tribe_ticket_show_not_going":false,"_tribe_ticket_use_global_stock":"","_tribe_ticket_global_stock_level":"","_global_stock_mode":"","_global_stock_cap":"","_tribe_rsvp_for_event":"","_tribe_ticket_going_count":"","_tribe_ticket_not_going_count":"","_tribe_tickets_list":"[]","_tribe_ticket_has_attendee_info_fields":false,"footnotes":"","_tec_slr_enabled":"","_tec_slr_layout":""},"class_list":["post-587","page","type-page","status-publish","hentry"],"acf":[],"yoast_head":"<!-- This site is optimized with the Yoast SEO plugin v27.0 - https:\/\/yoast.com\/product\/yoast-seo-wordpress\/ -->\n<title>Clube Rela\u00e7\u00f5es Internacionais - Col\u00e9gio Maria Imaculada<\/title>\n<meta name=\"robots\" content=\"index, follow, max-snippet:-1, max-image-preview:large, max-video-preview:-1\" \/>\n<link rel=\"canonical\" href=\"https:\/\/mariaimaculada.com.br\/index.php\/clube-relacoes-internacionais\/\" \/>\n<meta property=\"og:locale\" content=\"pt_BR\" \/>\n<meta property=\"og:type\" content=\"article\" \/>\n<meta property=\"og:title\" content=\"Clube Rela\u00e7\u00f5es Internacionais - Col\u00e9gio Maria Imaculada\" \/>\n<meta property=\"og:description\" content=\"Clube Rela\u00e7\u00f5es Internacionais Home O Col\u00e9gio Clube Rela\u00e7\u00f5es Internacionais Geopol\u00edtica \u00e9 papo s\u00e9rio! Nesta pr\u00e1tica extracurricular, os estudantes, a partir do 9\u00ba ano, vivenciam o funcionamento da Organiza\u00e7\u00e3o das Na\u00e7\u00f5es... Leia mais &raquo;\" \/>\n<meta property=\"og:url\" content=\"https:\/\/mariaimaculada.com.br\/index.php\/clube-relacoes-internacionais\/\" \/>\n<meta property=\"og:site_name\" content=\"Col\u00e9gio Maria Imaculada\" \/>\n<meta property=\"article:modified_time\" content=\"2024-08-12T10:50:01+00:00\" \/>\n<meta property=\"og:image\" content=\"https:\/\/mariaimaculada.com.br\/wp-content\/uploads\/2024\/07\/cri.jpg\" \/>\n\t<meta property=\"og:image:width\" content=\"1080\" \/>\n\t<meta property=\"og:image:height\" content=\"1080\" \/>\n\t<meta property=\"og:image:type\" content=\"image\/jpeg\" \/>\n<meta name=\"twitter:card\" content=\"summary_large_image\" \/>\n<meta name=\"twitter:label1\" content=\"Est. tempo de leitura\" \/>\n\t<meta name=\"twitter:data1\" content=\"1 minuto\" \/>\n<script type=\"application\/ld+json\" class=\"yoast-schema-graph\">{\"@context\":\"https:\/\/schema.org\",\"@graph\":[{\"@type\":\"WebPage\",\"@id\":\"https:\/\/mariaimaculada.com.br\/index.php\/clube-relacoes-internacionais\/\",\"url\":\"https:\/\/mariaimaculada.com.br\/index.php\/clube-relacoes-internacionais\/\",\"name\":\"Clube Rela\u00e7\u00f5es Internacionais - Col\u00e9gio Maria Imaculada\",\"isPartOf\":{\"@id\":\"https:\/\/mariaimaculada.com.br\/#website\"},\"primaryImageOfPage\":{\"@id\":\"https:\/\/mariaimaculada.com.br\/index.php\/clube-relacoes-internacionais\/#primaryimage\"},\"image\":{\"@id\":\"https:\/\/mariaimaculada.com.br\/index.php\/clube-relacoes-internacionais\/#primaryimage\"},\"thumbnailUrl\":\"https:\/\/mariaimaculada.com.br\/wp-content\/uploads\/2024\/07\/cri.jpg\",\"datePublished\":\"2024-01-03T21:32:20+00:00\",\"dateModified\":\"2024-08-12T10:50:01+00:00\",\"breadcrumb\":{\"@id\":\"https:\/\/mariaimaculada.com.br\/index.php\/clube-relacoes-internacionais\/#breadcrumb\"},\"inLanguage\":\"pt-BR\",\"potentialAction\":[{\"@type\":\"ReadAction\",\"target\":[\"https:\/\/mariaimaculada.com.br\/index.php\/clube-relacoes-internacionais\/\"]}]},{\"@type\":\"ImageObject\",\"inLanguage\":\"pt-BR\",\"@id\":\"https:\/\/mariaimaculada.com.br\/index.php\/clube-relacoes-internacionais\/#primaryimage\",\"url\":\"https:\/\/mariaimaculada.com.br\/wp-content\/uploads\/2024\/07\/cri.jpg\",\"contentUrl\":\"https:\/\/mariaimaculada.com.br\/wp-content\/uploads\/2024\/07\/cri.jpg\",\"width\":1080,\"height\":1080,\"caption\":\"Clube de rela\u00e7\u00f5es internacionais\"},{\"@type\":\"BreadcrumbList\",\"@id\":\"https:\/\/mariaimaculada.com.br\/index.php\/clube-relacoes-internacionais\/#breadcrumb\",\"itemListElement\":[{\"@type\":\"ListItem\",\"position\":1,\"name\":\"In\u00edcio\",\"item\":\"https:\/\/mariaimaculada.com.br\/\"},{\"@type\":\"ListItem\",\"position\":2,\"name\":\"Clube Rela\u00e7\u00f5es Internacionais\"}]},{\"@type\":\"WebSite\",\"@id\":\"https:\/\/mariaimaculada.com.br\/#website\",\"url\":\"https:\/\/mariaimaculada.com.br\/\",\"name\":\"Col\u00e9gio Maria Imaculada\",\"description\":\"Col\u00e9gio da Rede Franciscana Bernardina, localizado em Porto Alegre-RS na Avenida Padre Cacique 1028. O Col\u00e9gio atende desde a Educa\u00e7\u00e3o Infantil at\u00e9 o Ensino M\u00e9dio.\",\"publisher\":{\"@id\":\"https:\/\/mariaimaculada.com.br\/#organization\"},\"potentialAction\":[{\"@type\":\"SearchAction\",\"target\":{\"@type\":\"EntryPoint\",\"urlTemplate\":\"https:\/\/mariaimaculada.com.br\/?s={search_term_string}\"},\"query-input\":{\"@type\":\"PropertyValueSpecification\",\"valueRequired\":true,\"valueName\":\"search_term_string\"}}],\"inLanguage\":\"pt-BR\"},{\"@type\":\"Organization\",\"@id\":\"https:\/\/mariaimaculada.com.br\/#organization\",\"name\":\"Col\u00e9gio Maria Imaculada\",\"url\":\"https:\/\/mariaimaculada.com.br\/\",\"logo\":{\"@type\":\"ImageObject\",\"inLanguage\":\"pt-BR\",\"@id\":\"https:\/\/mariaimaculada.com.br\/#\/schema\/logo\/image\/\",\"url\":\"https:\/\/mariaimaculada.com.br\/wp-content\/uploads\/2023\/12\/maria-imaculada.png\",\"contentUrl\":\"https:\/\/mariaimaculada.com.br\/wp-content\/uploads\/2023\/12\/maria-imaculada.png\",\"width\":338,\"height\":84,\"caption\":\"Col\u00e9gio Maria Imaculada\"},\"image\":{\"@id\":\"https:\/\/mariaimaculada.com.br\/#\/schema\/logo\/image\/\"}}]}<\/script>\n<!-- \/ Yoast SEO plugin. -->","yoast_head_json":{"title":"Clube Rela\u00e7\u00f5es Internacionais - Col\u00e9gio Maria Imaculada","robots":{"index":"index","follow":"follow","max-snippet":"max-snippet:-1","max-image-preview":"max-image-preview:large","max-video-preview":"max-video-preview:-1"},"canonical":"https:\/\/mariaimaculada.com.br\/index.php\/clube-relacoes-internacionais\/","og_locale":"pt_BR","og_type":"article","og_title":"Clube Rela\u00e7\u00f5es Internacionais - Col\u00e9gio Maria Imaculada","og_description":"Clube Rela\u00e7\u00f5es Internacionais Home O Col\u00e9gio Clube Rela\u00e7\u00f5es Internacionais Geopol\u00edtica \u00e9 papo s\u00e9rio! Nesta pr\u00e1tica extracurricular, os estudantes, a partir do 9\u00ba ano, vivenciam o funcionamento da Organiza\u00e7\u00e3o das Na\u00e7\u00f5es... Leia mais &raquo;","og_url":"https:\/\/mariaimaculada.com.br\/index.php\/clube-relacoes-internacionais\/","og_site_name":"Col\u00e9gio Maria Imaculada","article_modified_time":"2024-08-12T10:50:01+00:00","og_image":[{"width":1080,"height":1080,"url":"https:\/\/mariaimaculada.com.br\/wp-content\/uploads\/2024\/07\/cri.jpg","type":"image\/jpeg"}],"twitter_card":"summary_large_image","twitter_misc":{"Est. tempo de leitura":"1 minuto"},"schema":{"@context":"https:\/\/schema.org","@graph":[{"@type":"WebPage","@id":"https:\/\/mariaimaculada.com.br\/index.php\/clube-relacoes-internacionais\/","url":"https:\/\/mariaimaculada.com.br\/index.php\/clube-relacoes-internacionais\/","name":"Clube Rela\u00e7\u00f5es Internacionais - Col\u00e9gio Maria Imaculada","isPartOf":{"@id":"https:\/\/mariaimaculada.com.br\/#website"},"primaryImageOfPage":{"@id":"https:\/\/mariaimaculada.com.br\/index.php\/clube-relacoes-internacionais\/#primaryimage"},"image":{"@id":"https:\/\/mariaimaculada.com.br\/index.php\/clube-relacoes-internacionais\/#primaryimage"},"thumbnailUrl":"https:\/\/mariaimaculada.com.br\/wp-content\/uploads\/2024\/07\/cri.jpg","datePublished":"2024-01-03T21:32:20+00:00","dateModified":"2024-08-12T10:50:01+00:00","breadcrumb":{"@id":"https:\/\/mariaimaculada.com.br\/index.php\/clube-relacoes-internacionais\/#breadcrumb"},"inLanguage":"pt-BR","potentialAction":[{"@type":"ReadAction","target":["https:\/\/mariaimaculada.com.br\/index.php\/clube-relacoes-internacionais\/"]}]},{"@type":"ImageObject","inLanguage":"pt-BR","@id":"https:\/\/mariaimaculada.com.br\/index.php\/clube-relacoes-internacionais\/#primaryimage","url":"https:\/\/mariaimaculada.com.br\/wp-content\/uploads\/2024\/07\/cri.jpg","contentUrl":"https:\/\/mariaimaculada.com.br\/wp-content\/uploads\/2024\/07\/cri.jpg","width":1080,"height":1080,"caption":"Clube de rela\u00e7\u00f5es internacionais"},{"@type":"BreadcrumbList","@id":"https:\/\/mariaimaculada.com.br\/index.php\/clube-relacoes-internacionais\/#breadcrumb","itemListElement":[{"@type":"ListItem","position":1,"name":"In\u00edcio","item":"https:\/\/mariaimaculada.com.br\/"},{"@type":"ListItem","position":2,"name":"Clube Rela\u00e7\u00f5es Internacionais"}]},{"@type":"WebSite","@id":"https:\/\/mariaimaculada.com.br\/#website","url":"https:\/\/mariaimaculada.com.br\/","name":"Col\u00e9gio Maria Imaculada","description":"Col\u00e9gio da Rede Franciscana Bernardina, localizado em Porto Alegre-RS na Avenida Padre Cacique 1028. O Col\u00e9gio atende desde a Educa\u00e7\u00e3o Infantil at\u00e9 o Ensino M\u00e9dio.","publisher":{"@id":"https:\/\/mariaimaculada.com.br\/#organization"},"potentialAction":[{"@type":"SearchAction","target":{"@type":"EntryPoint","urlTemplate":"https:\/\/mariaimaculada.com.br\/?s={search_term_string}"},"query-input":{"@type":"PropertyValueSpecification","valueRequired":true,"valueName":"search_term_string"}}],"inLanguage":"pt-BR"},{"@type":"Organization","@id":"https:\/\/mariaimaculada.com.br\/#organization","name":"Col\u00e9gio Maria Imaculada","url":"https:\/\/mariaimaculada.com.br\/","logo":{"@type":"ImageObject","inLanguage":"pt-BR","@id":"https:\/\/mariaimaculada.com.br\/#\/schema\/logo\/image\/","url":"https:\/\/mariaimaculada.com.br\/wp-content\/uploads\/2023\/12\/maria-imaculada.png","contentUrl":"https:\/\/mariaimaculada.com.br\/wp-content\/uploads\/2023\/12\/maria-imaculada.png","width":338,"height":84,"caption":"Col\u00e9gio Maria Imaculada"},"image":{"@id":"https:\/\/mariaimaculada.com.br\/#\/schema\/logo\/image\/"}}]}},"ticketed":false,"_links":{"self":[{"href":"https:\/\/mariaimaculada.com.br\/index.php\/wp-json\/wp\/v2\/pages\/587","targetHints":{"allow":["GET"]}}],"collection":[{"href":"https:\/\/mariaimaculada.com.br\/index.php\/wp-json\/wp\/v2\/pages"}],"about":[{"href":"https:\/\/mariaimaculada.com.br\/index.php\/wp-json\/wp\/v2\/types\/page"}],"author":[{"embeddable":true,"href":"https:\/\/mariaimaculada.com.br\/index.php\/wp-json\/wp\/v2\/users\/1"}],"replies":[{"embeddable":true,"href":"https:\/\/mariaimaculada.com.br\/index.php\/wp-json\/wp\/v2\/comments?post=587"}],"version-history":[{"count":0,"href":"https:\/\/mariaimaculada.com.br\/index.php\/wp-json\/wp\/v2\/pages\/587\/revisions"}],"wp:attachment":[{"href":"https:\/\/mariaimaculada.com.br\/index.php\/wp-json\/wp\/v2\/media?parent=587"}],"curies":[{"name":"wp","href":"https:\/\/api.w.org\/{rel}","templated":true}]}}