{"id":596,"date":"2024-01-03T19:02:32","date_gmt":"2024-01-03T22:02:32","guid":{"rendered":"https:\/\/mariaimaculada.com.br\/\/?page_id=596"},"modified":"2024-08-09T09:50:36","modified_gmt":"2024-08-09T12:50:36","slug":"pastoral-educacional","status":"publish","type":"page","link":"https:\/\/mariaimaculada.com.br\/index.php\/pastoral-educacional\/","title":{"rendered":"Pastoral Educacional"},"content":{"rendered":"\t\t<div data-elementor-type=\"wp-page\" data-elementor-id=\"596\" class=\"elementor elementor-596\" data-elementor-post-type=\"page\">\n\t\t\t\t<div class=\"elementor-element elementor-element-54a5896 e-con-full e-flex e-con e-parent\" data-id=\"54a5896\" data-element_type=\"container\" data-e-type=\"container\" data-settings=\"{&quot;background_background&quot;:&quot;classic&quot;}\">\n\t\t<div class=\"elementor-element elementor-element-79cfd57 e-flex e-con-boxed e-con e-child\" data-id=\"79cfd57\" data-element_type=\"container\" data-e-type=\"container\">\n\t\t\t\t\t<div class=\"e-con-inner\">\n\t\t<div class=\"elementor-element elementor-element-dff0b9e e-con-full e-flex e-con e-child\" data-id=\"dff0b9e\" data-element_type=\"container\" data-e-type=\"container\">\n\t\t\t\t<div class=\"elementor-element elementor-element-2047350 elementor-widget elementor-widget-heading\" data-id=\"2047350\" data-element_type=\"widget\" data-e-type=\"widget\" data-widget_type=\"heading.default\">\n\t\t\t\t<div class=\"elementor-widget-container\">\n\t\t\t\t\t<h1 class=\"elementor-heading-title elementor-size-default\">Pastoral Educacional<\/h1>\t\t\t\t<\/div>\n\t\t\t\t<\/div>\n\t\t\t\t<\/div>\n\t\t<div class=\"elementor-element elementor-element-83fb62f e-con-full e-flex e-con e-child\" data-id=\"83fb62f\" data-element_type=\"container\" data-e-type=\"container\">\n\t\t<div class=\"elementor-element elementor-element-65c6b38 e-con-full e-flex e-con e-child\" data-id=\"65c6b38\" data-element_type=\"container\" data-e-type=\"container\">\n\t\t\t\t<div class=\"elementor-element elementor-element-bce58cb elementor-widget elementor-widget-heading\" data-id=\"bce58cb\" data-element_type=\"widget\" data-e-type=\"widget\" data-widget_type=\"heading.default\">\n\t\t\t\t<div class=\"elementor-widget-container\">\n\t\t\t\t\t<span class=\"elementor-heading-title elementor-size-default\"><a href=\"https:\/\/mariaimaculada.com.br\/\">Home<\/a><\/span>\t\t\t\t<\/div>\n\t\t\t\t<\/div>\n\t\t\t\t<div class=\"elementor-element elementor-element-8b2ed8a elementor-widget elementor-widget-heading\" data-id=\"8b2ed8a\" data-element_type=\"widget\" data-e-type=\"widget\" data-widget_type=\"heading.default\">\n\t\t\t\t<div class=\"elementor-widget-container\">\n\t\t\t\t\t<span class=\"elementor-heading-title elementor-size-default\"><a href=\"#\">O Col\u00e9gio<\/a><\/span>\t\t\t\t<\/div>\n\t\t\t\t<\/div>\n\t\t\t\t<div class=\"elementor-element elementor-element-7cd2849 elementor-widget elementor-widget-heading\" data-id=\"7cd2849\" data-element_type=\"widget\" data-e-type=\"widget\" data-widget_type=\"heading.default\">\n\t\t\t\t<div class=\"elementor-widget-container\">\n\t\t\t\t\t<span class=\"elementor-heading-title elementor-size-default\"><a href=\"https:\/\/mariaimaculada.com.br\/index.php\/pastoral-educacional\/\">Pastoral Educacional<\/a><\/span>\t\t\t\t<\/div>\n\t\t\t\t<\/div>\n\t\t\t\t<\/div>\n\t\t\t\t<\/div>\n\t\t\t\t\t<\/div>\n\t\t\t\t<\/div>\n\t\t\t\t<\/div>\n\t\t<div class=\"elementor-element elementor-element-962ce5d e-flex e-con-boxed e-con e-parent\" data-id=\"962ce5d\" data-element_type=\"container\" data-e-type=\"container\">\n\t\t\t\t\t<div class=\"e-con-inner\">\n\t\t\t\t<div class=\"elementor-element elementor-element-c44364a elementor-widget elementor-widget-spacer\" data-id=\"c44364a\" data-element_type=\"widget\" data-e-type=\"widget\" data-widget_type=\"spacer.default\">\n\t\t\t\t<div class=\"elementor-widget-container\">\n\t\t\t\t\t\t\t<div class=\"elementor-spacer\">\n\t\t\t<div class=\"elementor-spacer-inner\"><\/div>\n\t\t<\/div>\n\t\t\t\t\t\t<\/div>\n\t\t\t\t<\/div>\n\t\t\t\t\t<\/div>\n\t\t\t\t<\/div>\n\t\t<div class=\"elementor-element elementor-element-2f5977c e-flex e-con-boxed e-con e-parent\" data-id=\"2f5977c\" data-element_type=\"container\" data-e-type=\"container\">\n\t\t\t\t\t<div class=\"e-con-inner\">\n\t\t\t\t<div class=\"elementor-element elementor-element-00c6f04 elementor-widget elementor-widget-heading\" data-id=\"00c6f04\" data-element_type=\"widget\" data-e-type=\"widget\" data-widget_type=\"heading.default\">\n\t\t\t\t<div class=\"elementor-widget-container\">\n\t\t\t\t\t<h2 class=\"elementor-heading-title elementor-size-small\">Pastoral Educacional<\/h2>\t\t\t\t<\/div>\n\t\t\t\t<\/div>\n\t\t\t\t\t<\/div>\n\t\t\t\t<\/div>\n\t\t<div class=\"elementor-element elementor-element-574a1d3 e-flex e-con-boxed e-con e-parent\" data-id=\"574a1d3\" data-element_type=\"container\" data-e-type=\"container\">\n\t\t\t\t\t<div class=\"e-con-inner\">\n\t\t\t\t<div class=\"elementor-element elementor-element-a6de0d3 elementor-widget elementor-widget-text-editor\" data-id=\"a6de0d3\" data-element_type=\"widget\" data-e-type=\"widget\" data-widget_type=\"text-editor.default\">\n\t\t\t\t<div class=\"elementor-widget-container\">\n\t\t\t\t\t\t\t\t\t<p style=\"text-align: justify;\"><span style=\"color: #606264; font-family: Montserrat, sans-serif;\">O Col\u00e9gio Maria Imaculada \u00e9 uma institui\u00e7\u00e3o educacional com\u00a0 identidade de f\u00e9 alicer\u00e7ada nos princ\u00edpios Crist\u00e3os Franciscanos Bernardinos. \u00c0 luz do Evangelho e dos ensinamentos de Francisco e de Clara de Assis, busca enaltecer as virtudes da paz e do bem. Preza pelas rela\u00e7\u00f5es fraternas no ambiente escolar, respeitando a hist\u00f3ria e a individualidade de cada um.<\/span><\/p><p style=\"text-align: justify;\"><span style=\"color: #606264; font-family: Montserrat, sans-serif;\">A a\u00e7\u00e3o pastoral entende que todas as pessoas que congregam esta institui\u00e7\u00e3o s\u00e3o \u00fanicas. Portadoras de sensibilidade, solidariedade e espiritualidade &#8211; evidenciando o car\u00e1ter humano e divino. Em cada indiv\u00edduo: estudante, professor, funcion\u00e1rio, pai, m\u00e3e, colaborador, visitante &#8211; est\u00e1 expl\u00edcita a presen\u00e7a do Deus Criador.<\/span><\/p><p style=\"text-align: justify;\"><span style=\"color: #606264; font-family: Montserrat, sans-serif;\">A educa\u00e7\u00e3o visa fomentar o crescimento pessoal, alicer\u00e7ado nos valores e ensinamentos do Evangelho e na Filosofia Franciscana Bernardina, garantindo o \u00eaxito acad\u00eamico e humano.<\/span><\/p><p style=\"text-align: justify;\"><span style=\"color: #606264; font-family: Montserrat, sans-serif;\">Desta forma a fun\u00e7\u00e3o da Pastoral transcende e permeia todos os segmentos que constituem o ambiente escolar. A a\u00e7\u00e3o pastoral est\u00e1 inserida na transversalidade da rotina escolar.<\/span><\/p><p style=\"color: #606264; font-family: Montserrat, sans-serif; text-align: justify;\">Mais informa\u00e7\u00f5es e esclarecimentos, fa\u00e7a contato com o servi\u00e7o de pastoral escolar atrav\u00e9s do e-mail: p<strong>astoral@mariaimaculada.com.br<\/strong>\u00a0<\/p>\t\t\t\t\t\t\t\t<\/div>\n\t\t\t\t<\/div>\n\t\t\t\t\t<\/div>\n\t\t\t\t<\/div>\n\t\t<div class=\"elementor-element elementor-element-f1a2c20 e-flex e-con-boxed e-con e-parent\" data-id=\"f1a2c20\" data-element_type=\"container\" data-e-type=\"container\">\n\t\t\t\t\t<div class=\"e-con-inner\">\n\t\t\t\t<div class=\"elementor-element elementor-element-6eb7e90 elementor-widget elementor-widget-spacer\" data-id=\"6eb7e90\" data-element_type=\"widget\" data-e-type=\"widget\" data-widget_type=\"spacer.default\">\n\t\t\t\t<div class=\"elementor-widget-container\">\n\t\t\t\t\t\t\t<div class=\"elementor-spacer\">\n\t\t\t<div class=\"elementor-spacer-inner\"><\/div>\n\t\t<\/div>\n\t\t\t\t\t\t<\/div>\n\t\t\t\t<\/div>\n\t\t\t\t\t<\/div>\n\t\t\t\t<\/div>\n\t\t\t\t<\/div>\n\t\t","protected":false},"excerpt":{"rendered":"<p>Pastoral Educacional Home O Col\u00e9gio Pastoral Educacional Pastoral Educacional O Col\u00e9gio Maria Imaculada \u00e9 uma institui\u00e7\u00e3o educacional com\u00a0 identidade de f\u00e9 alicer\u00e7ada nos princ\u00edpios Crist\u00e3os Franciscanos Bernardinos. \u00c0 luz do&#8230;  <a class=\"excerpt-read-more\" href=\"https:\/\/mariaimaculada.com.br\/index.php\/pastoral-educacional\/\" title=\"Read Pastoral Educacional\">Leia mais &raquo;<\/a><\/p>\n","protected":false},"author":1,"featured_media":0,"parent":0,"menu_order":0,"comment_status":"closed","ping_status":"closed","template":"","meta":{"_acf_changed":false,"_price":"","_stock":"","_tribe_ticket_header":"","_tribe_default_ticket_provider":"","_ticket_start_date":"","_ticket_end_date":"","_tribe_ticket_show_description":"","_tribe_ticket_show_not_going":false,"_tribe_ticket_use_global_stock":"","_tribe_ticket_global_stock_level":"","_global_stock_mode":"","_global_stock_cap":"","_tribe_rsvp_for_event":"","_tribe_ticket_going_count":"","_tribe_ticket_not_going_count":"","_tribe_tickets_list":"[]","_tribe_ticket_has_attendee_info_fields":false,"footnotes":"","_tec_slr_enabled":"","_tec_slr_layout":""},"class_list":["post-596","page","type-page","status-publish","hentry"],"acf":[],"yoast_head":"<!-- This site is optimized with the Yoast SEO plugin v27.0 - https:\/\/yoast.com\/product\/yoast-seo-wordpress\/ -->\n<title>Pastoral Educacional - Col\u00e9gio Maria Imaculada<\/title>\n<meta name=\"robots\" content=\"index, follow, max-snippet:-1, max-image-preview:large, max-video-preview:-1\" \/>\n<link rel=\"canonical\" href=\"https:\/\/mariaimaculada.com.br\/index.php\/pastoral-educacional\/\" \/>\n<meta property=\"og:locale\" content=\"pt_BR\" \/>\n<meta property=\"og:type\" content=\"article\" \/>\n<meta property=\"og:title\" content=\"Pastoral Educacional - Col\u00e9gio Maria Imaculada\" \/>\n<meta property=\"og:description\" content=\"Pastoral Educacional Home O Col\u00e9gio Pastoral Educacional Pastoral Educacional O Col\u00e9gio Maria Imaculada \u00e9 uma institui\u00e7\u00e3o educacional com\u00a0 identidade de f\u00e9 alicer\u00e7ada nos princ\u00edpios Crist\u00e3os Franciscanos Bernardinos. \u00c0 luz do... Leia mais &raquo;\" \/>\n<meta property=\"og:url\" content=\"https:\/\/mariaimaculada.com.br\/index.php\/pastoral-educacional\/\" \/>\n<meta property=\"og:site_name\" content=\"Col\u00e9gio Maria Imaculada\" \/>\n<meta property=\"article:modified_time\" content=\"2024-08-09T12:50:36+00:00\" \/>\n<meta name=\"twitter:card\" content=\"summary_large_image\" \/>\n<meta name=\"twitter:label1\" content=\"Est. tempo de leitura\" \/>\n\t<meta name=\"twitter:data1\" content=\"1 minuto\" \/>\n<script type=\"application\/ld+json\" class=\"yoast-schema-graph\">{\"@context\":\"https:\/\/schema.org\",\"@graph\":[{\"@type\":\"WebPage\",\"@id\":\"https:\/\/mariaimaculada.com.br\/index.php\/pastoral-educacional\/\",\"url\":\"https:\/\/mariaimaculada.com.br\/index.php\/pastoral-educacional\/\",\"name\":\"Pastoral Educacional - Col\u00e9gio Maria Imaculada\",\"isPartOf\":{\"@id\":\"https:\/\/mariaimaculada.com.br\/#website\"},\"datePublished\":\"2024-01-03T22:02:32+00:00\",\"dateModified\":\"2024-08-09T12:50:36+00:00\",\"breadcrumb\":{\"@id\":\"https:\/\/mariaimaculada.com.br\/index.php\/pastoral-educacional\/#breadcrumb\"},\"inLanguage\":\"pt-BR\",\"potentialAction\":[{\"@type\":\"ReadAction\",\"target\":[\"https:\/\/mariaimaculada.com.br\/index.php\/pastoral-educacional\/\"]}]},{\"@type\":\"BreadcrumbList\",\"@id\":\"https:\/\/mariaimaculada.com.br\/index.php\/pastoral-educacional\/#breadcrumb\",\"itemListElement\":[{\"@type\":\"ListItem\",\"position\":1,\"name\":\"In\u00edcio\",\"item\":\"https:\/\/mariaimaculada.com.br\/\"},{\"@type\":\"ListItem\",\"position\":2,\"name\":\"Pastoral Educacional\"}]},{\"@type\":\"WebSite\",\"@id\":\"https:\/\/mariaimaculada.com.br\/#website\",\"url\":\"https:\/\/mariaimaculada.com.br\/\",\"name\":\"Col\u00e9gio Maria Imaculada\",\"description\":\"Col\u00e9gio da Rede Franciscana Bernardina, localizado em Porto Alegre-RS na Avenida Padre Cacique 1028. O Col\u00e9gio atende desde a Educa\u00e7\u00e3o Infantil at\u00e9 o Ensino M\u00e9dio.\",\"publisher\":{\"@id\":\"https:\/\/mariaimaculada.com.br\/#organization\"},\"potentialAction\":[{\"@type\":\"SearchAction\",\"target\":{\"@type\":\"EntryPoint\",\"urlTemplate\":\"https:\/\/mariaimaculada.com.br\/?s={search_term_string}\"},\"query-input\":{\"@type\":\"PropertyValueSpecification\",\"valueRequired\":true,\"valueName\":\"search_term_string\"}}],\"inLanguage\":\"pt-BR\"},{\"@type\":\"Organization\",\"@id\":\"https:\/\/mariaimaculada.com.br\/#organization\",\"name\":\"Col\u00e9gio Maria Imaculada\",\"url\":\"https:\/\/mariaimaculada.com.br\/\",\"logo\":{\"@type\":\"ImageObject\",\"inLanguage\":\"pt-BR\",\"@id\":\"https:\/\/mariaimaculada.com.br\/#\/schema\/logo\/image\/\",\"url\":\"https:\/\/mariaimaculada.com.br\/wp-content\/uploads\/2023\/12\/maria-imaculada.png\",\"contentUrl\":\"https:\/\/mariaimaculada.com.br\/wp-content\/uploads\/2023\/12\/maria-imaculada.png\",\"width\":338,\"height\":84,\"caption\":\"Col\u00e9gio Maria Imaculada\"},\"image\":{\"@id\":\"https:\/\/mariaimaculada.com.br\/#\/schema\/logo\/image\/\"}}]}<\/script>\n<!-- \/ Yoast SEO plugin. -->","yoast_head_json":{"title":"Pastoral Educacional - Col\u00e9gio Maria Imaculada","robots":{"index":"index","follow":"follow","max-snippet":"max-snippet:-1","max-image-preview":"max-image-preview:large","max-video-preview":"max-video-preview:-1"},"canonical":"https:\/\/mariaimaculada.com.br\/index.php\/pastoral-educacional\/","og_locale":"pt_BR","og_type":"article","og_title":"Pastoral Educacional - Col\u00e9gio Maria Imaculada","og_description":"Pastoral Educacional Home O Col\u00e9gio Pastoral Educacional Pastoral Educacional O Col\u00e9gio Maria Imaculada \u00e9 uma institui\u00e7\u00e3o educacional com\u00a0 identidade de f\u00e9 alicer\u00e7ada nos princ\u00edpios Crist\u00e3os Franciscanos Bernardinos. \u00c0 luz do... Leia mais &raquo;","og_url":"https:\/\/mariaimaculada.com.br\/index.php\/pastoral-educacional\/","og_site_name":"Col\u00e9gio Maria Imaculada","article_modified_time":"2024-08-09T12:50:36+00:00","twitter_card":"summary_large_image","twitter_misc":{"Est. tempo de leitura":"1 minuto"},"schema":{"@context":"https:\/\/schema.org","@graph":[{"@type":"WebPage","@id":"https:\/\/mariaimaculada.com.br\/index.php\/pastoral-educacional\/","url":"https:\/\/mariaimaculada.com.br\/index.php\/pastoral-educacional\/","name":"Pastoral Educacional - Col\u00e9gio Maria Imaculada","isPartOf":{"@id":"https:\/\/mariaimaculada.com.br\/#website"},"datePublished":"2024-01-03T22:02:32+00:00","dateModified":"2024-08-09T12:50:36+00:00","breadcrumb":{"@id":"https:\/\/mariaimaculada.com.br\/index.php\/pastoral-educacional\/#breadcrumb"},"inLanguage":"pt-BR","potentialAction":[{"@type":"ReadAction","target":["https:\/\/mariaimaculada.com.br\/index.php\/pastoral-educacional\/"]}]},{"@type":"BreadcrumbList","@id":"https:\/\/mariaimaculada.com.br\/index.php\/pastoral-educacional\/#breadcrumb","itemListElement":[{"@type":"ListItem","position":1,"name":"In\u00edcio","item":"https:\/\/mariaimaculada.com.br\/"},{"@type":"ListItem","position":2,"name":"Pastoral Educacional"}]},{"@type":"WebSite","@id":"https:\/\/mariaimaculada.com.br\/#website","url":"https:\/\/mariaimaculada.com.br\/","name":"Col\u00e9gio Maria Imaculada","description":"Col\u00e9gio da Rede Franciscana Bernardina, localizado em Porto Alegre-RS na Avenida Padre Cacique 1028. O Col\u00e9gio atende desde a Educa\u00e7\u00e3o Infantil at\u00e9 o Ensino M\u00e9dio.","publisher":{"@id":"https:\/\/mariaimaculada.com.br\/#organization"},"potentialAction":[{"@type":"SearchAction","target":{"@type":"EntryPoint","urlTemplate":"https:\/\/mariaimaculada.com.br\/?s={search_term_string}"},"query-input":{"@type":"PropertyValueSpecification","valueRequired":true,"valueName":"search_term_string"}}],"inLanguage":"pt-BR"},{"@type":"Organization","@id":"https:\/\/mariaimaculada.com.br\/#organization","name":"Col\u00e9gio Maria Imaculada","url":"https:\/\/mariaimaculada.com.br\/","logo":{"@type":"ImageObject","inLanguage":"pt-BR","@id":"https:\/\/mariaimaculada.com.br\/#\/schema\/logo\/image\/","url":"https:\/\/mariaimaculada.com.br\/wp-content\/uploads\/2023\/12\/maria-imaculada.png","contentUrl":"https:\/\/mariaimaculada.com.br\/wp-content\/uploads\/2023\/12\/maria-imaculada.png","width":338,"height":84,"caption":"Col\u00e9gio Maria Imaculada"},"image":{"@id":"https:\/\/mariaimaculada.com.br\/#\/schema\/logo\/image\/"}}]}},"ticketed":false,"_links":{"self":[{"href":"https:\/\/mariaimaculada.com.br\/index.php\/wp-json\/wp\/v2\/pages\/596","targetHints":{"allow":["GET"]}}],"collection":[{"href":"https:\/\/mariaimaculada.com.br\/index.php\/wp-json\/wp\/v2\/pages"}],"about":[{"href":"https:\/\/mariaimaculada.com.br\/index.php\/wp-json\/wp\/v2\/types\/page"}],"author":[{"embeddable":true,"href":"https:\/\/mariaimaculada.com.br\/index.php\/wp-json\/wp\/v2\/users\/1"}],"replies":[{"embeddable":true,"href":"https:\/\/mariaimaculada.com.br\/index.php\/wp-json\/wp\/v2\/comments?post=596"}],"version-history":[{"count":0,"href":"https:\/\/mariaimaculada.com.br\/index.php\/wp-json\/wp\/v2\/pages\/596\/revisions"}],"wp:attachment":[{"href":"https:\/\/mariaimaculada.com.br\/index.php\/wp-json\/wp\/v2\/media?parent=596"}],"curies":[{"name":"wp","href":"https:\/\/api.w.org\/{rel}","templated":true}]}}